{"id":113723,"date":"2021-08-24T07:08:43","date_gmt":"2021-08-24T07:08:43","guid":{"rendered":"https:\/\/www.leeb-balkone.com\/de\/ueber-leeb\/karriere-bei-leeb-entwurf\/"},"modified":"2026-03-05T12:57:04","modified_gmt":"2026-03-05T12:57:04","slug":"regionales-soziales-und-kulturelles-engagement","status":"publish","type":"page","link":"https:\/\/www.leeb-balkone.com\/at\/regionales-soziales-und-kulturelles-engagement\/","title":{"rendered":"Regionales, soziales und kulturelles Engagement"},"content":{"rendered":"<header data-block_acf-block-69a97d948b02c class=\"c-fh  l-mh-small c-fh--hero c-grad-l2r c-fh--div none\">\n      <img loading=\"lazy\" decoding=\"async\" width=\"2560\" height=\"1772\" src=\"https:\/\/www.leeb-balkone.com\/app\/uploads\/2023\/01\/Sommercamp-Gnesau-Header-scaled-e1673947519505.jpg\" class=\"no-lazy\" alt=\"Sommercamp Gnesau Header e1673947519505\" sizes=\"auto, (min-width: 1536px) 2048px, (min-width: 992px) 1536px, (min-width: 768px) 1024px, (min-width: 576px) 768px, 100vw\" \/>\n\n\n<div class=\"grid-container\">\n  <div class=\"grid-x\">\n    <div class=\"cell small-12 medium-6 medium-offset-1\">\n      <div class=\"c-fh__wrapper\">\n                              <p>Zusammen f\u00fcr eine starke Leebensgemeinschaft!<\/p>\n                        <\/div>\n    <\/div>\n  <\/div>\n<\/div>\n  \n    \n    <\/header>\n\n\n  \n  <section class=\"wp-block-group alignfull t3-header u-max-wide t3-header-text has-white-background-color has-background has-global-padding is-layout-constrained wp-block-group-is-layout-constrained\">\n    <div class=\"wp-block-group o-grid u-md-1 u-sm-1 is-layout-flow wp-block-group-is-layout-flow\">\n  <div class=\"wp-block-group u-g-10 u-g-s-2\">\n      <div class=\"yoast-breadcrumbs\"><span><span><a href=\"https:\/\/www.leeb-balkone.com\/at\/\">Home<\/a><\/span><\/span><\/div>\n      \n    <h1>Regionales, soziales und kulturelles Engagement<\/h1>\n  <\/div>\n<\/div>\n  <\/section>\n\n\n\n\n\n\n<section class=\"wp-block-cgb-t3-section-block alignfull b-pt-small  is-style-bg-white\" style=\"display:inherit;min-height:inherit\">\n<div class=\"wp-block-cgb-t3-container-block none\" style=\"background-color:none\"><div class=\"grid-container\"><div class=\"grid-x\"><div class=\"cell small-12 medium-9 large-0 medium-offset-1 b-has-lsmb\">\n<p><span class=\"teaser\">Als Familienunternehmen mit langj\u00e4hriger Tradition hat nicht nur das Thema Nachhaltigkeit f\u00fcr uns hohe Priorit\u00e4t. Im Besonderen legen wir gro\u00dfen Wert auf das soziale Engagement und die F\u00f6rderung und Unterst\u00fctzung regionaler Projekte und Organisationen, wie z. B. Gnesauer f\u00fcr Gnesauer und Weihnachten im Schuhkarton. Weiters helfen wir Schulen bei der Weiterentwicklung und unterst\u00fctzen regionale Kultur- und Sportvereine und tragen so zum Erhalt von heimischen Traditionen bei.<\/span><\/p>\n<\/div><\/div><\/div><\/div>\n\n\n<div class=\"b-carousel  band slider\" data-block_acf-block-69a97d948b051>\n  <div class=\"slides\">\n          <div>\n\n\n\n  \n    \n          \n\n              \n        \n\n        <img loading=\"lazy\" decoding=\"async\" width=\"1024\" height=\"711\" src=\"https:\/\/www.leeb-balkone.com\/app\/uploads\/2023\/01\/Sommercamp-Gnesau-01-1024x711.jpg\" class=\"no-lazy\" alt=\"Sommercamp Gnesau 01\" srcset=\"https:\/\/www.leeb-balkone.com\/app\/uploads\/2023\/01\/Sommercamp-Gnesau-01-1024x711.jpg 1024w, https:\/\/www.leeb-balkone.com\/app\/uploads\/2023\/01\/Sommercamp-Gnesau-01-300x208.jpg 300w, https:\/\/www.leeb-balkone.com\/app\/uploads\/2023\/01\/Sommercamp-Gnesau-01-768x533.jpg 768w, https:\/\/www.leeb-balkone.com\/app\/uploads\/2023\/01\/Sommercamp-Gnesau-01-1536x1066.jpg 1536w, https:\/\/www.leeb-balkone.com\/app\/uploads\/2023\/01\/Sommercamp-Gnesau-01-2048x1421.jpg 2048w\" sizes=\"auto, (min-width: 1200px) 1024px, (min-width: 1024px) 768px, (min-width: 640px) 768px, 768px\" \/>        \n            \n          \n  <\/div>\n\n          <div>\n\n\n\n  \n    \n          \n\n              \n        \n\n        <img loading=\"lazy\" decoding=\"async\" width=\"1024\" height=\"768\" src=\"https:\/\/www.leeb-balkone.com\/app\/uploads\/2023\/01\/Trachtenkapelle-Ebene-Reichenau-05-1024x768.jpg\" class=\"no-lazy\" alt=\"Trachtenkapelle Ebene Reichenau 05\" srcset=\"https:\/\/www.leeb-balkone.com\/app\/uploads\/2023\/01\/Trachtenkapelle-Ebene-Reichenau-05-1024x768.jpg 1024w, https:\/\/www.leeb-balkone.com\/app\/uploads\/2023\/01\/Trachtenkapelle-Ebene-Reichenau-05-300x225.jpg 300w, https:\/\/www.leeb-balkone.com\/app\/uploads\/2023\/01\/Trachtenkapelle-Ebene-Reichenau-05-768x576.jpg 768w, https:\/\/www.leeb-balkone.com\/app\/uploads\/2023\/01\/Trachtenkapelle-Ebene-Reichenau-05-1536x1152.jpg 1536w, https:\/\/www.leeb-balkone.com\/app\/uploads\/2023\/01\/Trachtenkapelle-Ebene-Reichenau-05-2048x1536.jpg 2048w\" sizes=\"auto, (min-width: 1200px) 1024px, (min-width: 1024px) 768px, (min-width: 640px) 768px, 768px\" \/>        \n            \n          \n  <\/div>\n\n          <div>\n\n\n\n  \n    \n          \n\n              \n        \n\n        <img loading=\"lazy\" decoding=\"async\" width=\"1024\" height=\"683\" src=\"https:\/\/www.leeb-balkone.com\/app\/uploads\/2023\/01\/Weihnachten-im-Schuhkarton-01-1024x683.jpg\" class=\"no-lazy\" alt=\"Weihnachten im Schuhkarton 01\" srcset=\"https:\/\/www.leeb-balkone.com\/app\/uploads\/2023\/01\/Weihnachten-im-Schuhkarton-01-1024x683.jpg 1024w, https:\/\/www.leeb-balkone.com\/app\/uploads\/2023\/01\/Weihnachten-im-Schuhkarton-01-300x200.jpg 300w, https:\/\/www.leeb-balkone.com\/app\/uploads\/2023\/01\/Weihnachten-im-Schuhkarton-01-768x512.jpg 768w, https:\/\/www.leeb-balkone.com\/app\/uploads\/2023\/01\/Weihnachten-im-Schuhkarton-01-1536x1024.jpg 1536w, https:\/\/www.leeb-balkone.com\/app\/uploads\/2023\/01\/Weihnachten-im-Schuhkarton-01-2048x1366.jpg 2048w\" sizes=\"auto, (min-width: 1200px) 1024px, (min-width: 1024px) 768px, (min-width: 640px) 768px, 768px\" \/>        \n            \n          \n  <\/div>\n\n          <div>\n\n\n\n  \n    \n          \n\n              \n        \n\n        <img loading=\"lazy\" decoding=\"async\" width=\"1024\" height=\"756\" src=\"https:\/\/www.leeb-balkone.com\/app\/uploads\/2025\/05\/Fussball-nachwuchs-reichenau-1024x756.jpg\" class=\"no-lazy\" alt=\"Fussball nachwuchs reichenau\" srcset=\"https:\/\/www.leeb-balkone.com\/app\/uploads\/2025\/05\/Fussball-nachwuchs-reichenau-1024x756.jpg 1024w, https:\/\/www.leeb-balkone.com\/app\/uploads\/2025\/05\/Fussball-nachwuchs-reichenau-300x221.jpg 300w, https:\/\/www.leeb-balkone.com\/app\/uploads\/2025\/05\/Fussball-nachwuchs-reichenau-768x567.jpg 768w, https:\/\/www.leeb-balkone.com\/app\/uploads\/2025\/05\/Fussball-nachwuchs-reichenau-1536x1133.jpg 1536w, https:\/\/www.leeb-balkone.com\/app\/uploads\/2025\/05\/Fussball-nachwuchs-reichenau.jpg 2048w\" sizes=\"auto, (min-width: 1200px) 1024px, (min-width: 1024px) 768px, (min-width: 640px) 768px, 768px\" \/>        \n            \n          \n  <\/div>\n\n          <div>\n\n\n\n  \n    \n          \n\n              \n        \n\n        <img loading=\"lazy\" decoding=\"async\" width=\"1024\" height=\"768\" src=\"https:\/\/www.leeb-balkone.com\/app\/uploads\/2023\/01\/Wintersportverein-Turracherhoehe-01-1024x768.jpg\" class=\"no-lazy\" alt=\"Wintersportverein Turracherhoehe 01\" srcset=\"https:\/\/www.leeb-balkone.com\/app\/uploads\/2023\/01\/Wintersportverein-Turracherhoehe-01-1024x768.jpg 1024w, https:\/\/www.leeb-balkone.com\/app\/uploads\/2023\/01\/Wintersportverein-Turracherhoehe-01-300x225.jpg 300w, https:\/\/www.leeb-balkone.com\/app\/uploads\/2023\/01\/Wintersportverein-Turracherhoehe-01-768x576.jpg 768w, https:\/\/www.leeb-balkone.com\/app\/uploads\/2023\/01\/Wintersportverein-Turracherhoehe-01-1536x1152.jpg 1536w, https:\/\/www.leeb-balkone.com\/app\/uploads\/2023\/01\/Wintersportverein-Turracherhoehe-01-2048x1536.jpg 2048w\" sizes=\"auto, (min-width: 1200px) 1024px, (min-width: 1024px) 768px, (min-width: 640px) 768px, 768px\" \/>        \n            \n          \n  <\/div>\n\n          <div>\n\n\n\n  \n    \n          \n\n              \n        \n\n        <img loading=\"lazy\" decoding=\"async\" width=\"1024\" height=\"656\" src=\"https:\/\/www.leeb-balkone.com\/app\/uploads\/2023\/07\/IMG_66354-1024x656.jpg\" class=\"no-lazy\" alt=\"IMG_66354\" srcset=\"https:\/\/www.leeb-balkone.com\/app\/uploads\/2023\/07\/IMG_66354-1024x656.jpg 1024w, https:\/\/www.leeb-balkone.com\/app\/uploads\/2023\/07\/IMG_66354-300x192.jpg 300w, https:\/\/www.leeb-balkone.com\/app\/uploads\/2023\/07\/IMG_66354-768x492.jpg 768w, https:\/\/www.leeb-balkone.com\/app\/uploads\/2023\/07\/IMG_66354-1536x984.jpg 1536w, https:\/\/www.leeb-balkone.com\/app\/uploads\/2023\/07\/IMG_66354-2048x1312.jpg 2048w\" sizes=\"auto, (min-width: 1200px) 1024px, (min-width: 1024px) 768px, (min-width: 640px) 768px, 768px\" \/>        \n            \n          \n  <\/div>\n\n      <\/div>\n\n<\/div>\n\n\n\n<div class=\"wp-block-cgb-t3-container-block b-has-offset-b\" style=\"background-color:#F5F5F5\"><div class=\"has-padding none grid-container-wrapper\"><div class=\"grid-container\"><div class=\"grid-x\"><div class=\"cell small-12 medium-9 large-0 medium-offset-1 b-has-lsmb\">\n<h2 class=\"wp-block-heading has-text-align-left has-accent-color has-text-color\"><span class=\"h2ash1\">Ein Herz f\u00fcr Kinder und Mitmenschen<\/span><\/h2>\n\n\n\n<p><span class=\"teaser\">Jedes Jahr an Weihnachten sind wir Teil der Geschenkaktion &#8220;Weihnachten im Schuhkarton&#8221;. Nach dem Motto &#8220;Liebe l\u00e4sst sich einpacken&#8221; wird bed\u00fcrftigen Kindern in der kalten Jahreszeit mit einem kleinen Geschenk ein L\u00e4cheln ins Gesicht gezaubert. Ebenso unterst\u00fctzen wir das Sommer-Sportcamp in Gnesau, bei dem Kinder in den Sommerferien neben sportlichen Herausforderungen soziale Kontakte kn\u00fcpfen k\u00f6nnen. Mit der Initiative &#8220;Gnesauer f\u00fcr Gnesauer&#8221; wird durch finanzielle Spenden und soziale Hilfestellungen (z. B.: \u00e4ltere Menschen beim Einkaufen unterst\u00fctzen) Menschen in Not und jenen, die von Schicksalsschl\u00e4gen betroffen sind, Wertsch\u00e4tzung entgegengebracht.  <\/span><\/p>\n<\/div><\/div><\/div><\/div><\/div>\n\n\n<div class=\"b-carousel  band slider\" data-block_acf-block-69a97d948c887>\n  <div class=\"slides\">\n          <div>\n\n\n\n  \n    \n          \n\n              \n        \n\n        <img loading=\"lazy\" decoding=\"async\" width=\"1024\" height=\"768\" src=\"https:\/\/www.leeb-balkone.com\/app\/uploads\/2026\/03\/Volksschule-Ebene-Reichenau-mit-Leeb-Memory-2-1024x768.jpeg\" class=\"no-lazy\" alt=\"Leeb sponsert Memory an Volksschule\" srcset=\"https:\/\/www.leeb-balkone.com\/app\/uploads\/2026\/03\/Volksschule-Ebene-Reichenau-mit-Leeb-Memory-2-1024x768.jpeg 1024w, https:\/\/www.leeb-balkone.com\/app\/uploads\/2026\/03\/Volksschule-Ebene-Reichenau-mit-Leeb-Memory-2-300x225.jpeg 300w, https:\/\/www.leeb-balkone.com\/app\/uploads\/2026\/03\/Volksschule-Ebene-Reichenau-mit-Leeb-Memory-2-768x576.jpeg 768w, https:\/\/www.leeb-balkone.com\/app\/uploads\/2026\/03\/Volksschule-Ebene-Reichenau-mit-Leeb-Memory-2-1536x1152.jpeg 1536w\" sizes=\"auto, (min-width: 1200px) 1024px, (min-width: 1024px) 768px, (min-width: 640px) 768px, 768px\" \/>        \n            \n          \n  <\/div>\n\n          <div>\n\n\n\n  \n    \n          \n\n              \n        \n\n        <img loading=\"lazy\" decoding=\"async\" width=\"1024\" height=\"756\" src=\"https:\/\/www.leeb-balkone.com\/app\/uploads\/2025\/05\/Fussball-nachwuchs-reichenau-1024x756.jpg\" class=\"no-lazy\" alt=\"Fussball nachwuchs reichenau\" srcset=\"https:\/\/www.leeb-balkone.com\/app\/uploads\/2025\/05\/Fussball-nachwuchs-reichenau-1024x756.jpg 1024w, https:\/\/www.leeb-balkone.com\/app\/uploads\/2025\/05\/Fussball-nachwuchs-reichenau-300x221.jpg 300w, https:\/\/www.leeb-balkone.com\/app\/uploads\/2025\/05\/Fussball-nachwuchs-reichenau-768x567.jpg 768w, https:\/\/www.leeb-balkone.com\/app\/uploads\/2025\/05\/Fussball-nachwuchs-reichenau-1536x1133.jpg 1536w, https:\/\/www.leeb-balkone.com\/app\/uploads\/2025\/05\/Fussball-nachwuchs-reichenau.jpg 2048w\" sizes=\"auto, (min-width: 1200px) 1024px, (min-width: 1024px) 768px, (min-width: 640px) 768px, 768px\" \/>        \n            \n          \n  <\/div>\n\n          <div>\n\n\n\n  \n    \n          \n\n              \n        \n\n        <img loading=\"lazy\" decoding=\"async\" width=\"1024\" height=\"765\" src=\"https:\/\/www.leeb-balkone.com\/app\/uploads\/2023\/01\/Sommercamp-Gnesau-03-1024x765.jpg\" class=\"no-lazy\" alt=\"Sommercamp Gnesau 03\" srcset=\"https:\/\/www.leeb-balkone.com\/app\/uploads\/2023\/01\/Sommercamp-Gnesau-03-1024x765.jpg 1024w, https:\/\/www.leeb-balkone.com\/app\/uploads\/2023\/01\/Sommercamp-Gnesau-03-300x224.jpg 300w, https:\/\/www.leeb-balkone.com\/app\/uploads\/2023\/01\/Sommercamp-Gnesau-03-768x573.jpg 768w, https:\/\/www.leeb-balkone.com\/app\/uploads\/2023\/01\/Sommercamp-Gnesau-03-1536x1147.jpg 1536w, https:\/\/www.leeb-balkone.com\/app\/uploads\/2023\/01\/Sommercamp-Gnesau-03-2048x1529.jpg 2048w\" sizes=\"auto, (min-width: 1200px) 1024px, (min-width: 1024px) 768px, (min-width: 640px) 768px, 768px\" \/>        \n            \n          \n  <\/div>\n\n          <div>\n\n\n\n  \n    \n          \n\n              \n        \n\n        <img loading=\"lazy\" decoding=\"async\" width=\"1024\" height=\"765\" src=\"https:\/\/www.leeb-balkone.com\/app\/uploads\/2023\/01\/Sommercamp-Gnesau-05-1024x765.jpg\" class=\"no-lazy\" alt=\"Sommercamp Gnesau 05\" srcset=\"https:\/\/www.leeb-balkone.com\/app\/uploads\/2023\/01\/Sommercamp-Gnesau-05-1024x765.jpg 1024w, https:\/\/www.leeb-balkone.com\/app\/uploads\/2023\/01\/Sommercamp-Gnesau-05-300x224.jpg 300w, https:\/\/www.leeb-balkone.com\/app\/uploads\/2023\/01\/Sommercamp-Gnesau-05-768x573.jpg 768w, https:\/\/www.leeb-balkone.com\/app\/uploads\/2023\/01\/Sommercamp-Gnesau-05-1536x1147.jpg 1536w, https:\/\/www.leeb-balkone.com\/app\/uploads\/2023\/01\/Sommercamp-Gnesau-05-2048x1529.jpg 2048w\" sizes=\"auto, (min-width: 1200px) 1024px, (min-width: 1024px) 768px, (min-width: 640px) 768px, 768px\" \/>        \n            \n          \n  <\/div>\n\n          <div>\n\n\n\n  \n    \n          \n\n              \n        \n\n        <img loading=\"lazy\" decoding=\"async\" width=\"1024\" height=\"682\" src=\"https:\/\/www.leeb-balkone.com\/app\/uploads\/2024\/12\/Leeb-und-VSV-Unihockex.JPEG-1024x682.jpeg\" class=\"no-lazy\" alt=\"Photo by Bernd Stefan\" srcset=\"https:\/\/www.leeb-balkone.com\/app\/uploads\/2024\/12\/Leeb-und-VSV-Unihockex.JPEG-1024x682.jpeg 1024w, https:\/\/www.leeb-balkone.com\/app\/uploads\/2024\/12\/Leeb-und-VSV-Unihockex.JPEG-300x200.jpeg 300w, https:\/\/www.leeb-balkone.com\/app\/uploads\/2024\/12\/Leeb-und-VSV-Unihockex.JPEG-768x512.jpeg 768w, https:\/\/www.leeb-balkone.com\/app\/uploads\/2024\/12\/Leeb-und-VSV-Unihockex.JPEG-1536x1024.jpeg 1536w, https:\/\/www.leeb-balkone.com\/app\/uploads\/2024\/12\/Leeb-und-VSV-Unihockex.JPEG-2048x1365.jpeg 2048w\" sizes=\"auto, (min-width: 1200px) 1024px, (min-width: 1024px) 768px, (min-width: 640px) 768px, 768px\" \/>        \n            \n          \n  <\/div>\n\n          <div>\n\n\n\n  \n    \n          \n\n              \n        \n\n        <img loading=\"lazy\" decoding=\"async\" width=\"1024\" height=\"835\" src=\"https:\/\/www.leeb-balkone.com\/app\/uploads\/2023\/01\/MS-Patergassen-zu-Besuch2-1024x835.jpg\" class=\"no-lazy\" alt=\"MS Patergassen zu Besuch2\" srcset=\"https:\/\/www.leeb-balkone.com\/app\/uploads\/2023\/01\/MS-Patergassen-zu-Besuch2-1024x835.jpg 1024w, https:\/\/www.leeb-balkone.com\/app\/uploads\/2023\/01\/MS-Patergassen-zu-Besuch2-300x245.jpg 300w, https:\/\/www.leeb-balkone.com\/app\/uploads\/2023\/01\/MS-Patergassen-zu-Besuch2-768x626.jpg 768w, https:\/\/www.leeb-balkone.com\/app\/uploads\/2023\/01\/MS-Patergassen-zu-Besuch2-1536x1252.jpg 1536w, https:\/\/www.leeb-balkone.com\/app\/uploads\/2023\/01\/MS-Patergassen-zu-Besuch2-2048x1670.jpg 2048w\" sizes=\"auto, (min-width: 1200px) 1024px, (min-width: 1024px) 768px, (min-width: 640px) 768px, 768px\" \/>        \n            \n          \n  <\/div>\n\n      <\/div>\n\n<\/div>\n\n\n\n<div class=\"wp-block-cgb-t3-container-block b-has-offset-b\" style=\"background-color:#F5F5F5\"><div class=\"has-padding b-has-pt-large grid-container-wrapper\"><div class=\"grid-container\"><div class=\"grid-x\"><div class=\"cell small-12 medium-9 large-0 medium-offset-1 b-has-lsmb\">\n<h2 class=\"wp-block-heading has-text-align-left\"><span class=\"h2ash1\">LEEb unterst\u00fctzt REgionale Vereine<\/span><\/h2>\n\n\n\n<p><span class=\"teaser\">Um auch im privaten Leben unserer Mitarbeiterinnen und Mitarbeiter mitzuwirken und gleichzeitig zur Unterst\u00fctzung von Sport- und Kulturvereinen beizutragen, haben wir die Initiative &#8220;Leeb unterst\u00fctzt Vereine&#8221; ins Leben gerufen. Gesponsert werden sowohl verschiedene kulturelle Vereine, wie beispielsweise die Landjugend, Musikvereine und Trachtenkapellen als auch Sportvereine (speziell im Bereich Fu\u00dfball und Wintersport). Neben einem finanziellen Beitrag werden auch Gutscheine f\u00fcr Vereinsmitglieder beigesteuert, um bei diversen Freizeitaktivit\u00e4ten und Erfolgen ordentlich feiern zu k\u00f6nnen.<\/span><\/p>\n<\/div><\/div><\/div><\/div><\/div>\n\n\n<div class=\"b-carousel  band slider\" data-block_acf-block-69a97d948c8bd>\n  <div class=\"slides\">\n          <div>\n\n\n\n  \n    \n          \n\n              \n        \n\n        <img loading=\"lazy\" decoding=\"async\" width=\"1024\" height=\"768\" src=\"https:\/\/www.leeb-balkone.com\/app\/uploads\/2023\/01\/Trachtenkapelle-Ebene-Reichenau-05-1024x768.jpg\" class=\"no-lazy\" alt=\"Trachtenkapelle Ebene Reichenau 05\" srcset=\"https:\/\/www.leeb-balkone.com\/app\/uploads\/2023\/01\/Trachtenkapelle-Ebene-Reichenau-05-1024x768.jpg 1024w, https:\/\/www.leeb-balkone.com\/app\/uploads\/2023\/01\/Trachtenkapelle-Ebene-Reichenau-05-300x225.jpg 300w, https:\/\/www.leeb-balkone.com\/app\/uploads\/2023\/01\/Trachtenkapelle-Ebene-Reichenau-05-768x576.jpg 768w, https:\/\/www.leeb-balkone.com\/app\/uploads\/2023\/01\/Trachtenkapelle-Ebene-Reichenau-05-1536x1152.jpg 1536w, https:\/\/www.leeb-balkone.com\/app\/uploads\/2023\/01\/Trachtenkapelle-Ebene-Reichenau-05-2048x1536.jpg 2048w\" sizes=\"auto, (min-width: 1200px) 1024px, (min-width: 1024px) 768px, (min-width: 640px) 768px, 768px\" \/>        \n            \n          \n  <\/div>\n\n          <div>\n\n\n\n  \n    \n          \n\n              \n        \n\n        <img loading=\"lazy\" decoding=\"async\" width=\"1024\" height=\"768\" src=\"https:\/\/www.leeb-balkone.com\/app\/uploads\/2023\/01\/Wintersportverein-Turracherhoehe-03-1024x768.jpg\" class=\"no-lazy\" alt=\"Wintersportverein Turracherhoehe 03\" srcset=\"https:\/\/www.leeb-balkone.com\/app\/uploads\/2023\/01\/Wintersportverein-Turracherhoehe-03-1024x768.jpg 1024w, https:\/\/www.leeb-balkone.com\/app\/uploads\/2023\/01\/Wintersportverein-Turracherhoehe-03-300x225.jpg 300w, https:\/\/www.leeb-balkone.com\/app\/uploads\/2023\/01\/Wintersportverein-Turracherhoehe-03-768x576.jpg 768w, https:\/\/www.leeb-balkone.com\/app\/uploads\/2023\/01\/Wintersportverein-Turracherhoehe-03-1536x1152.jpg 1536w, https:\/\/www.leeb-balkone.com\/app\/uploads\/2023\/01\/Wintersportverein-Turracherhoehe-03-2048x1536.jpg 2048w\" sizes=\"auto, (min-width: 1200px) 1024px, (min-width: 1024px) 768px, (min-width: 640px) 768px, 768px\" \/>        \n            \n          \n  <\/div>\n\n          <div>\n\n\n\n  \n    \n          \n\n              \n        \n\n        <img loading=\"lazy\" decoding=\"async\" width=\"1024\" height=\"1024\" src=\"https:\/\/www.leeb-balkone.com\/app\/uploads\/2023\/01\/IG-Post-SV-Feldkirchen-1024x1024.jpg\" class=\"no-lazy\" alt=\"IG Post SV Feldkirchen\" srcset=\"https:\/\/www.leeb-balkone.com\/app\/uploads\/2023\/01\/IG-Post-SV-Feldkirchen-1024x1024.jpg 1024w, https:\/\/www.leeb-balkone.com\/app\/uploads\/2023\/01\/IG-Post-SV-Feldkirchen-300x300.jpg 300w, https:\/\/www.leeb-balkone.com\/app\/uploads\/2023\/01\/IG-Post-SV-Feldkirchen-150x150.jpg 150w, https:\/\/www.leeb-balkone.com\/app\/uploads\/2023\/01\/IG-Post-SV-Feldkirchen-768x768.jpg 768w, https:\/\/www.leeb-balkone.com\/app\/uploads\/2023\/01\/IG-Post-SV-Feldkirchen.jpg 1080w\" sizes=\"auto, (min-width: 1200px) 1024px, (min-width: 1024px) 768px, (min-width: 640px) 768px, 768px\" \/>        \n            \n          \n  <\/div>\n\n          <div>\n\n\n\n  \n    \n          \n\n              \n        \n\n        <img loading=\"lazy\" decoding=\"async\" width=\"768\" height=\"1024\" src=\"https:\/\/www.leeb-balkone.com\/app\/uploads\/2023\/01\/Anja-Strasser-und-der-Tennisclub-Afritzersee-768x1024.jpg\" class=\"no-lazy\" alt=\"Anja Strasser und der Tennisclub Afritzersee\" srcset=\"https:\/\/www.leeb-balkone.com\/app\/uploads\/2023\/01\/Anja-Strasser-und-der-Tennisclub-Afritzersee-768x1024.jpg 768w, https:\/\/www.leeb-balkone.com\/app\/uploads\/2023\/01\/Anja-Strasser-und-der-Tennisclub-Afritzersee-225x300.jpg 225w, https:\/\/www.leeb-balkone.com\/app\/uploads\/2023\/01\/Anja-Strasser-und-der-Tennisclub-Afritzersee-1152x1536.jpg 1152w, https:\/\/www.leeb-balkone.com\/app\/uploads\/2023\/01\/Anja-Strasser-und-der-Tennisclub-Afritzersee-1536x2048.jpg 1536w\" sizes=\"auto, (min-width: 1200px) 1024px, (min-width: 1024px) 768px, (min-width: 640px) 768px, 768px\" \/>        \n            \n          \n  <\/div>\n\n          <div>\n\n\n\n  \n    \n          \n\n              \n        \n\n        <img loading=\"lazy\" decoding=\"async\" width=\"768\" height=\"1024\" src=\"https:\/\/www.leeb-balkone.com\/app\/uploads\/2023\/01\/Wintersportverein-Turracherhoehe-02-768x1024.jpg\" class=\"no-lazy\" alt=\"Wintersportverein Turracherhoehe 02\" srcset=\"https:\/\/www.leeb-balkone.com\/app\/uploads\/2023\/01\/Wintersportverein-Turracherhoehe-02-768x1024.jpg 768w, https:\/\/www.leeb-balkone.com\/app\/uploads\/2023\/01\/Wintersportverein-Turracherhoehe-02-225x300.jpg 225w, https:\/\/www.leeb-balkone.com\/app\/uploads\/2023\/01\/Wintersportverein-Turracherhoehe-02-1152x1536.jpg 1152w, https:\/\/www.leeb-balkone.com\/app\/uploads\/2023\/01\/Wintersportverein-Turracherhoehe-02-1536x2048.jpg 1536w\" sizes=\"auto, (min-width: 1200px) 1024px, (min-width: 1024px) 768px, (min-width: 640px) 768px, 768px\" \/>        \n            \n          \n  <\/div>\n\n          <div>\n\n\n\n  \n    \n          \n\n              \n        \n\n        <img loading=\"lazy\" decoding=\"async\" width=\"1024\" height=\"768\" src=\"https:\/\/www.leeb-balkone.com\/app\/uploads\/2023\/01\/Trachtenkapelle-Ebene-Reichenau-04-1024x768.jpg\" class=\"no-lazy\" alt=\"Trachtenkapelle Ebene Reichenau 04\" srcset=\"https:\/\/www.leeb-balkone.com\/app\/uploads\/2023\/01\/Trachtenkapelle-Ebene-Reichenau-04-1024x768.jpg 1024w, https:\/\/www.leeb-balkone.com\/app\/uploads\/2023\/01\/Trachtenkapelle-Ebene-Reichenau-04-300x225.jpg 300w, https:\/\/www.leeb-balkone.com\/app\/uploads\/2023\/01\/Trachtenkapelle-Ebene-Reichenau-04-768x576.jpg 768w, https:\/\/www.leeb-balkone.com\/app\/uploads\/2023\/01\/Trachtenkapelle-Ebene-Reichenau-04-1536x1152.jpg 1536w, https:\/\/www.leeb-balkone.com\/app\/uploads\/2023\/01\/Trachtenkapelle-Ebene-Reichenau-04-2048x1536.jpg 2048w\" sizes=\"auto, (min-width: 1200px) 1024px, (min-width: 1024px) 768px, (min-width: 640px) 768px, 768px\" \/>        \n            \n          \n  <\/div>\n\n          <div>\n\n\n\n  \n    \n          \n\n              \n        \n\n        <img loading=\"lazy\" decoding=\"async\" width=\"1024\" height=\"683\" src=\"https:\/\/www.leeb-balkone.com\/app\/uploads\/2024\/12\/Leeb-unterstuetzt-VSV-Unihockex-1024x683.jpg\" class=\"no-lazy\" alt=\"Leeb unterstuetzt VSV Unihockex\" srcset=\"https:\/\/www.leeb-balkone.com\/app\/uploads\/2024\/12\/Leeb-unterstuetzt-VSV-Unihockex-1024x683.jpg 1024w, https:\/\/www.leeb-balkone.com\/app\/uploads\/2024\/12\/Leeb-unterstuetzt-VSV-Unihockex-300x200.jpg 300w, https:\/\/www.leeb-balkone.com\/app\/uploads\/2024\/12\/Leeb-unterstuetzt-VSV-Unihockex-768x512.jpg 768w, https:\/\/www.leeb-balkone.com\/app\/uploads\/2024\/12\/Leeb-unterstuetzt-VSV-Unihockex-1536x1024.jpg 1536w, https:\/\/www.leeb-balkone.com\/app\/uploads\/2024\/12\/Leeb-unterstuetzt-VSV-Unihockex-2048x1366.jpg 2048w\" sizes=\"auto, (min-width: 1200px) 1024px, (min-width: 1024px) 768px, (min-width: 640px) 768px, 768px\" \/>        \n            \n          \n  <\/div>\n\n      <\/div>\n\n<\/div>\n\n\n\n<div class=\"wp-block-cgb-t3-container-block b-has-offset-b\" style=\"background-color:#F5F5F5\"><div class=\"has-padding none grid-container-wrapper\"><div class=\"grid-container\"><div class=\"grid-x\"><div class=\"cell small-12 medium-9 large-0 medium-offset-1 b-has-lsmb\">\n<h2 class=\"wp-block-heading has-text-align-left\"><span class=\"h2ash1\">LEEb f\u00f6rdert Bildungsanstalten<\/span><\/h2>\n\n\n\n<p><span class=\"teaser\">Im schulischen Bereich agieren wir als Sponsor bei diversen Schulveranstaltungen in der Region. Beispielsweise erhalten der Kindergarten und die Volksschule in Gnesau diverse finanzielle Zusch\u00fcsse f\u00fcr Skikurse und Sommerausfl\u00fcge. Dar\u00fcber hinaus \u00f6ffnen wir mehrmals im Jahr unsere T\u00fcren f\u00fcr Bildungseinrichtungen, um den Jugendlichen unsere Unternehmenskultur und Weiterbildungsm\u00f6glichkeiten in Form einer <a href=\"https:\/\/www.leeb-balkone.com\/at\/lehre-bei-leeb\/\">Lehre bei Leeb<\/a> n\u00e4her zu bringen.<\/span><\/p>\n<\/div><\/div><\/div><\/div><\/div>\n\n\n\n<div class=\"wp-block-cgb-t3-container-block none\" style=\"background-color:#fff\"><div class=\"has-padding none grid-container-wrapper\"><div class=\"grid-container\"><div class=\"grid-x\"><div class=\"cell small-12 medium-9 large-0 medium-offset-1\">\n<figure class=\"wp-block-image size-large\"><img loading=\"lazy\" decoding=\"async\" width=\"1024\" height=\"683\" src=\"\/app\/uploads\/2024\/06\/HLW-St.-Veit-1024x683.jpg\" alt=\"HLW St. Veit\" class=\"wp-image-139074\" srcset=\"https:\/\/www.leeb-balkone.com\/app\/uploads\/2024\/06\/HLW-St.-Veit-1024x683.jpg 1024w, https:\/\/www.leeb-balkone.com\/app\/uploads\/2024\/06\/HLW-St.-Veit-300x200.jpg 300w, https:\/\/www.leeb-balkone.com\/app\/uploads\/2024\/06\/HLW-St.-Veit-768x512.jpg 768w, https:\/\/www.leeb-balkone.com\/app\/uploads\/2024\/06\/HLW-St.-Veit-1536x1024.jpg 1536w, https:\/\/www.leeb-balkone.com\/app\/uploads\/2024\/06\/HLW-St.-Veit-2048x1366.jpg 2048w\" sizes=\"auto, (max-width: 1024px) 100vw, 1024px\" \/><\/figure>\n<\/div><\/div><\/div><\/div><\/div>\n\n\n<\/section>\n\n\n\n<section class=\"wp-block-group alignfull has-global-padding is-layout-constrained wp-container-core-group-is-layout-52f96efc wp-block-group-is-layout-constrained\">\n<div class=\"wp-block-columns testimonial m-split is-layout-flex wp-container-core-columns-is-layout-28232c24 wp-block-columns-is-layout-flex\">\n<div class=\"wp-block-column is-layout-flow wp-block-column-is-layout-flow\">\n<div class=\"wp-block-group is-style-default is-layout-flow wp-block-group-is-layout-flow has-background\" style=\"min-height:100%;background-image:url(&#039;https:\/\/www.leeb-balkone.com\/app\/uploads\/2025\/09\/PHOTO-2025-09-16-09-12-45.jpg&#039;);background-position:56.00000000000001% 39%;background-size:cover;background-attachment:scroll;\"><\/div>\n<\/div>\n\n\n\n<div class=\"wp-block-column testimonial-text is-layout-flow wp-block-column-is-layout-flow\">\n<div class=\"wp-block-group has-light-gray-background-color has-background is-vertical is-nowrap is-layout-flex wp-container-core-group-is-layout-598d6723 wp-block-group-is-layout-flex\" style=\"padding-top:var(--wp--preset--spacing--xl);padding-right:var(--wp--preset--spacing--xl);padding-bottom:var(--wp--preset--spacing--xl);padding-left:var(--wp--preset--spacing--l)\">\n<h3 class=\"wp-block-heading\">Leidenschaft trifft auf Leistung<\/h3>\n\n\n\n<p class=\"has-step-1-font-size\">Bei Leeb f\u00f6rdern wir traditionell Vereine und Nachwuchstalente. In besonderen F\u00e4llen unterst\u00fctzen wir auch Spitzensportlerinnen, die durch Leidenschaft, Flei\u00df und herausragende Leistungen \u00fcberzeugen. Eine davon ist <strong>Verena Hiden<\/strong>, erfolgreiche Judoka und Mitglied des Polizeispitzensportkaders. Mit mehreren Staatsmeistertiteln und internationalen Erfolgen ist sie ein Vorbild f\u00fcr Hingabe und verk\u00f6rpert die Werte des Judos: Respekt, Selbstdisziplin und Ehrgeiz.<\/p>\n\n\n\n<p class=\"has-step-1-font-size\">Wir freuen uns, Verena auf ihrem sportlichen Weg zu begleiten und dr\u00fccken ihr f\u00fcr die kommenden Wettk\u00e4mpfe die Daumen.<\/p>\n\n\n\n<p class=\"has-step-s-font-size\"><strong>Verena Hiden<\/strong><br>Spitzensportlerin Judo | Bild: Oliver Sellner<\/p>\n<\/div>\n<\/div>\n<\/div>\n<\/section>\n","protected":false},"excerpt":{"rendered":"","protected":false},"author":3,"featured_media":0,"parent":0,"menu_order":128,"comment_status":"closed","ping_status":"closed","template":"template-onepager.blade.php","meta":{"_acf_changed":false,"footnotes":"","_sage_theme_css":true,"_wp_block_core_css":true},"folder":[],"class_list":["post-113723","page","type-page","status-publish","hentry"],"acf":[],"yoast_head":"<!-- This site is optimized with the Yoast SEO plugin v27.2 - https:\/\/yoast.com\/product\/yoast-seo-wordpress\/ -->\n<title>Regionales, soziales und kulturelles Engagement - Leeb Balkone \u00d6sterreich<\/title>\n<meta name=\"description\" content=\"Als Familienunternehmen mit langj\u00e4hriger Tradition hat nicht nur das Thema Nachhaltigkeit f\u00fcr uns hohe Priorit\u00e4t. Im Besonderen legen wir gro\u00dfen Wert auf\" \/>\n<meta name=\"robots\" content=\"index, follow, max-snippet:-1, max-image-preview:large, max-video-preview:-1\" \/>\n<meta property=\"og:locale\" content=\"de_DE\" \/>\n<meta property=\"og:type\" content=\"article\" \/>\n<meta property=\"og:title\" content=\"Regionales, soziales und kulturelles Engagement - Leeb Balkone\" \/>\n<meta property=\"og:description\" content=\"Als Familienunternehmen mit langj\u00e4hriger Tradition hat nicht nur das Thema Nachhaltigkeit f\u00fcr uns hohe Priorit\u00e4t. Im Besonderen legen wir gro\u00dfen Wert auf\" \/>\n<meta property=\"og:url\" content=\"https:\/\/www.leeb-balkone.com\/at\/regionales-soziales-und-kulturelles-engagement\/\" \/>\n<meta property=\"og:site_name\" content=\"Leeb Balkone\" \/>\n<meta property=\"article:publisher\" content=\"https:\/\/www.facebook.com\/balkone\/\" \/>\n<meta property=\"article:modified_time\" content=\"2026-03-05T12:57:04+00:00\" \/>\n<meta property=\"og:image\" content=\"https:\/\/www.leeb-balkone.com\/app\/uploads\/2020\/09\/alu-balkongelaender-zufriedene-kunden-1.jpg\" \/>\n\t<meta property=\"og:image:width\" content=\"2560\" \/>\n\t<meta property=\"og:image:height\" content=\"1762\" \/>\n\t<meta property=\"og:image:type\" content=\"image\/jpeg\" \/>\n<meta name=\"twitter:card\" content=\"summary_large_image\" \/>\n<script type=\"application\/ld+json\" class=\"yoast-schema-graph\">{\"@context\":\"https:\/\/schema.org\",\"@graph\":[{\"@type\":\"WebPage\",\"@id\":\"https:\/\/www.leeb-balkone.com\/at\/regionales-soziales-und-kulturelles-engagement\/\",\"url\":\"https:\/\/www.leeb-balkone.com\/at\/regionales-soziales-und-kulturelles-engagement\/\",\"name\":\"Regionales, soziales und kulturelles Engagement - Leeb Balkone\",\"isPartOf\":{\"@id\":\"https:\/\/www.leeb-balkone.com\/at\/#website\"},\"datePublished\":\"2021-08-24T07:08:43+00:00\",\"dateModified\":\"2026-03-05T12:57:04+00:00\",\"description\":\"Als Familienunternehmen mit langj\u00e4hriger Tradition hat nicht nur das Thema Nachhaltigkeit f\u00fcr uns hohe Priorit\u00e4t. Im Besonderen legen wir gro\u00dfen Wert auf\",\"breadcrumb\":{\"@id\":\"https:\/\/www.leeb-balkone.com\/at\/regionales-soziales-und-kulturelles-engagement\/#breadcrumb\"},\"inLanguage\":\"de-AT\",\"potentialAction\":[{\"@type\":\"ReadAction\",\"target\":[\"https:\/\/www.leeb-balkone.com\/at\/regionales-soziales-und-kulturelles-engagement\/\"]}]},{\"@type\":\"BreadcrumbList\",\"@id\":\"https:\/\/www.leeb-balkone.com\/at\/regionales-soziales-und-kulturelles-engagement\/#breadcrumb\",\"itemListElement\":[{\"@type\":\"ListItem\",\"position\":1,\"name\":\"Home\",\"item\":\"https:\/\/www.leeb-balkone.com\/at\/\"},{\"@type\":\"ListItem\",\"position\":2,\"name\":\"Regionales, soziales und kulturelles Engagement\"}]},{\"@type\":\"WebSite\",\"@id\":\"https:\/\/www.leeb-balkone.com\/at\/#website\",\"url\":\"https:\/\/www.leeb-balkone.com\/at\/\",\"name\":\"Leeb Balkone\",\"description\":\"Balkone und Z\u00e4une\",\"publisher\":{\"@id\":\"https:\/\/www.leeb-balkone.com\/at\/#organization\"},\"potentialAction\":[{\"@type\":\"SearchAction\",\"target\":{\"@type\":\"EntryPoint\",\"urlTemplate\":\"https:\/\/www.leeb-balkone.com\/at\/?s={search_term_string}\"},\"query-input\":{\"@type\":\"PropertyValueSpecification\",\"valueRequired\":true,\"valueName\":\"search_term_string\"}}],\"inLanguage\":\"de-AT\"},{\"@type\":\"Organization\",\"@id\":\"https:\/\/www.leeb-balkone.com\/at\/#organization\",\"name\":\"Leeb Balkone Gmbh\",\"url\":\"https:\/\/www.leeb-balkone.com\/at\/\",\"logo\":{\"@type\":\"ImageObject\",\"inLanguage\":\"de-AT\",\"@id\":\"https:\/\/www.leeb-balkone.com\/at\/#\/schema\/logo\/image\/\",\"url\":\"https:\/\/www.leeb-balkone.com\/app\/uploads\/2020\/11\/leeb-logo.svg\",\"contentUrl\":\"https:\/\/www.leeb-balkone.com\/app\/uploads\/2020\/11\/leeb-logo.svg\",\"width\":741,\"height\":204,\"caption\":\"Leeb Balkone Gmbh\"},\"image\":{\"@id\":\"https:\/\/www.leeb-balkone.com\/at\/#\/schema\/logo\/image\/\"},\"sameAs\":[\"https:\/\/www.facebook.com\/balkone\/\",\"https:\/\/www.trustedshops.at\/bewertung\/info_X4587CCF5833E31AFE0B11F47D86999F2.html\",\"https:\/\/www.trustedshops.de\/bewertung\/info_X7BA536A7A0BDC86D36C4718E4DCAEEEF.html\",\"https:\/\/www.google.com\/maps\/place\/?q=place_id:ChIJ5-zH19-IcEcR9HonWRTllHI\"]}]}<\/script>\n<!-- \/ Yoast SEO plugin. -->","yoast_head_json":{"title":"Regionales, soziales und kulturelles Engagement - Leeb Balkone \u00d6sterreich","description":"Als Familienunternehmen mit langj\u00e4hriger Tradition hat nicht nur das Thema Nachhaltigkeit f\u00fcr uns hohe Priorit\u00e4t. Im Besonderen legen wir gro\u00dfen Wert auf","robots":{"index":"index","follow":"follow","max-snippet":"max-snippet:-1","max-image-preview":"max-image-preview:large","max-video-preview":"max-video-preview:-1"},"og_locale":"de_DE","og_type":"article","og_title":"Regionales, soziales und kulturelles Engagement - Leeb Balkone","og_description":"Als Familienunternehmen mit langj\u00e4hriger Tradition hat nicht nur das Thema Nachhaltigkeit f\u00fcr uns hohe Priorit\u00e4t. Im Besonderen legen wir gro\u00dfen Wert auf","og_url":"https:\/\/www.leeb-balkone.com\/at\/regionales-soziales-und-kulturelles-engagement\/","og_site_name":"Leeb Balkone","article_publisher":"https:\/\/www.facebook.com\/balkone\/","article_modified_time":"2026-03-05T12:57:04+00:00","og_image":[{"width":2560,"height":1762,"url":"https:\/\/www.leeb-balkone.com\/app\/uploads\/2020\/09\/alu-balkongelaender-zufriedene-kunden-1.jpg","type":"image\/jpeg"}],"twitter_card":"summary_large_image","schema":{"@context":"https:\/\/schema.org","@graph":[{"@type":"WebPage","@id":"https:\/\/www.leeb-balkone.com\/at\/regionales-soziales-und-kulturelles-engagement\/","url":"https:\/\/www.leeb-balkone.com\/at\/regionales-soziales-und-kulturelles-engagement\/","name":"Regionales, soziales und kulturelles Engagement - Leeb Balkone","isPartOf":{"@id":"https:\/\/www.leeb-balkone.com\/at\/#website"},"datePublished":"2021-08-24T07:08:43+00:00","dateModified":"2026-03-05T12:57:04+00:00","description":"Als Familienunternehmen mit langj\u00e4hriger Tradition hat nicht nur das Thema Nachhaltigkeit f\u00fcr uns hohe Priorit\u00e4t. Im Besonderen legen wir gro\u00dfen Wert auf","breadcrumb":{"@id":"https:\/\/www.leeb-balkone.com\/at\/regionales-soziales-und-kulturelles-engagement\/#breadcrumb"},"inLanguage":"de-AT","potentialAction":[{"@type":"ReadAction","target":["https:\/\/www.leeb-balkone.com\/at\/regionales-soziales-und-kulturelles-engagement\/"]}]},{"@type":"BreadcrumbList","@id":"https:\/\/www.leeb-balkone.com\/at\/regionales-soziales-und-kulturelles-engagement\/#breadcrumb","itemListElement":[{"@type":"ListItem","position":1,"name":"Home","item":"https:\/\/www.leeb-balkone.com\/at\/"},{"@type":"ListItem","position":2,"name":"Regionales, soziales und kulturelles Engagement"}]},{"@type":"WebSite","@id":"https:\/\/www.leeb-balkone.com\/at\/#website","url":"https:\/\/www.leeb-balkone.com\/at\/","name":"Leeb Balkone","description":"Balkone und Z\u00e4une","publisher":{"@id":"https:\/\/www.leeb-balkone.com\/at\/#organization"},"potentialAction":[{"@type":"SearchAction","target":{"@type":"EntryPoint","urlTemplate":"https:\/\/www.leeb-balkone.com\/at\/?s={search_term_string}"},"query-input":{"@type":"PropertyValueSpecification","valueRequired":true,"valueName":"search_term_string"}}],"inLanguage":"de-AT"},{"@type":"Organization","@id":"https:\/\/www.leeb-balkone.com\/at\/#organization","name":"Leeb Balkone Gmbh","url":"https:\/\/www.leeb-balkone.com\/at\/","logo":{"@type":"ImageObject","inLanguage":"de-AT","@id":"https:\/\/www.leeb-balkone.com\/at\/#\/schema\/logo\/image\/","url":"https:\/\/www.leeb-balkone.com\/app\/uploads\/2020\/11\/leeb-logo.svg","contentUrl":"https:\/\/www.leeb-balkone.com\/app\/uploads\/2020\/11\/leeb-logo.svg","width":741,"height":204,"caption":"Leeb Balkone Gmbh"},"image":{"@id":"https:\/\/www.leeb-balkone.com\/at\/#\/schema\/logo\/image\/"},"sameAs":["https:\/\/www.facebook.com\/balkone\/","https:\/\/www.trustedshops.at\/bewertung\/info_X4587CCF5833E31AFE0B11F47D86999F2.html","https:\/\/www.trustedshops.de\/bewertung\/info_X7BA536A7A0BDC86D36C4718E4DCAEEEF.html","https:\/\/www.google.com\/maps\/place\/?q=place_id:ChIJ5-zH19-IcEcR9HonWRTllHI"]}]}},"_links":{"self":[{"href":"https:\/\/www.leeb-balkone.com\/at\/wp-json\/wp\/v2\/pages\/113723","targetHints":{"allow":["GET"]}}],"collection":[{"href":"https:\/\/www.leeb-balkone.com\/at\/wp-json\/wp\/v2\/pages"}],"about":[{"href":"https:\/\/www.leeb-balkone.com\/at\/wp-json\/wp\/v2\/types\/page"}],"author":[{"embeddable":true,"href":"https:\/\/www.leeb-balkone.com\/at\/wp-json\/wp\/v2\/users\/3"}],"replies":[{"embeddable":true,"href":"https:\/\/www.leeb-balkone.com\/at\/wp-json\/wp\/v2\/comments?post=113723"}],"version-history":[{"count":16,"href":"https:\/\/www.leeb-balkone.com\/at\/wp-json\/wp\/v2\/pages\/113723\/revisions"}],"predecessor-version":[{"id":165650,"href":"https:\/\/www.leeb-balkone.com\/at\/wp-json\/wp\/v2\/pages\/113723\/revisions\/165650"}],"wp:attachment":[{"href":"https:\/\/www.leeb-balkone.com\/at\/wp-json\/wp\/v2\/media?parent=113723"}],"wp:term":[{"taxonomy":"folder","embeddable":true,"href":"https:\/\/www.leeb-balkone.com\/at\/wp-json\/wp\/v2\/folder?post=113723"}],"curies":[{"name":"wp","href":"https:\/\/api.w.org\/{rel}","templated":true}]}}