{"id":173368,"date":"2026-08-26T11:57:05","date_gmt":"2026-08-26T11:57:05","guid":{"rendered":"https:\/\/www.leeb-balkone.com\/jobs\/personalverrechner-in\/"},"modified":"2026-08-28T08:33:15","modified_gmt":"2026-08-28T08:33:15","slug":"personalverrechner-in","status":"publish","type":"jobs","link":"https:\/\/www.leeb-balkone.com\/at\/jobs\/personalverrechner-in\/","title":{"rendered":"Personalverrechner\/in"},"content":{"rendered":"\n<div class=\"wp-block-group alignfull is-layout-flow wp-container-core-group-is-layout-c75cc6a8 wp-block-group-is-layout-flow\">\n<div class=\"wp-block-cover alignfull has-custom-content-position is-position-bottom-center has-white-color has-text-color has-link-color wp-elements-75748d54d1710cfc3a6bb3cc5bb39944\" style=\"padding-right:0;padding-bottom:var(--wp--preset--spacing--2-xl);padding-left:0;min-height:80vh;aspect-ratio:unset;\"><img loading=\"lazy\" decoding=\"async\" width=\"1672\" height=\"941\" class=\"wp-block-cover__image-background wp-image-173365 size-full\" alt=\"chatgpt image 26. aug. 2026 13_30_11\" src=\"https:\/\/www.leeb-balkone.com\/app\/uploads\/2026\/08\/chatgpt-image-26.-aug.-2026-13_30_11.png\" style=\"object-position:48% 26%\" data-object-fit=\"cover\" data-object-position=\"48% 26%\" srcset=\"https:\/\/www.leeb-balkone.com\/app\/uploads\/2026\/08\/chatgpt-image-26.-aug.-2026-13_30_11.png 1672w, https:\/\/www.leeb-balkone.com\/app\/uploads\/2026\/08\/chatgpt-image-26.-aug.-2026-13_30_11-300x169.png 300w, https:\/\/www.leeb-balkone.com\/app\/uploads\/2026\/08\/chatgpt-image-26.-aug.-2026-13_30_11-1024x576.png 1024w, https:\/\/www.leeb-balkone.com\/app\/uploads\/2026\/08\/chatgpt-image-26.-aug.-2026-13_30_11-768x432.png 768w, https:\/\/www.leeb-balkone.com\/app\/uploads\/2026\/08\/chatgpt-image-26.-aug.-2026-13_30_11-1536x864.png 1536w\" sizes=\"auto, (max-width: 1672px) 100vw, 1672px\" \/><span aria-hidden=\"true\" class=\"wp-block-cover__background has-background-dim-70 has-background-dim wp-block-cover__gradient-background has-background-gradient\" style=\"background:linear-gradient(179deg,rgba(0,0,0,0) 0%,rgb(0,0,0) 73%)\"><\/span><div class=\"wp-block-cover__inner-container has-global-padding is-layout-constrained wp-container-core-cover-is-layout-cc9413ce wp-block-cover-is-layout-constrained\">\n<div class=\"wp-block-group has-global-padding is-content-justification-left is-layout-constrained wp-container-core-group-is-layout-5989591b wp-block-group-is-layout-constrained\" style=\"padding-right:0;padding-left:0\">\n<div class=\"wp-block-group is-vertical is-layout-flex wp-container-core-group-is-layout-08875fa7 wp-block-group-is-layout-flex\"><h1 class=\"wp-block-post-title\">Personalverrechner\/in<\/h1>\n\n\n<p class=\"wp-block-paragraph\"><span class=\"uppercase\"><strong>(m\/w\/d)<\/strong><\/span><\/p>\n<\/div>\n\n\n\n<p class=\"wp-block-paragraph\"><span class=\"teaser\">Du arbeitest gerne genau, beh\u00e4ltst auch bei komplexen Abrechnungen den \u00dcberblick und hast zugleich Freude am Austausch mit Menschen? Dann erwartet dich bei Leeb eine verantwortungsvolle Schl\u00fcsselposition!<\/span><\/p>\n\n\n\n<div class=\"wp-block-buttons is-layout-flex wp-block-buttons-is-layout-flex\">\n<div class=\"wp-block-button\"><a class=\"wp-block-button__link wp-element-button\" href=\"#bewerbung\">Jetzt bewerben<\/a><\/div>\n\n\n\n<div class=\"wp-block-button is-style-outline-white smooth-scroll\"><a class=\"wp-block-button__link wp-element-button\" href=\"#benefits\">Deine Benefits<\/a><\/div>\n<\/div>\n<\/div>\n<\/div><\/div>\n\n\n\n<section class=\"wp-block-group alignfull has-white-background-color has-background has-global-padding is-layout-constrained wp-container-core-group-is-layout-e17c88dc wp-block-group-is-layout-constrained\" style=\"padding-top:var(--wp--preset--spacing--xl);padding-bottom:var(--wp--preset--spacing--2-xl)\">\n<div class=\"wp-block-group breadcrumb has-global-padding is-layout-constrained wp-container-core-group-is-layout-fe68f4a3 wp-block-group-is-layout-constrained\">\n<div class=\"wp-block-group is-layout-flow wp-block-group-is-layout-flow\" style=\"padding-bottom:var(--wp--preset--spacing--xl)\">\n<p class=\"wp-block-paragraph\"><span><span><a href=\"https:\/\/www.leeb-balkone.com\/at\/\">Home<\/a><\/span><\/span><\/p>\n<\/div>\n<\/div>\n\n\n\n<div class=\"wp-block-group is-layout-grid wp-container-core-group-is-layout-760ddfb2 wp-block-group-is-layout-grid\" style=\"margin-top:0\">\n<div class=\"wp-block-group t3-job-facts has-light-gray-background-color has-background wp-container-content-725258bd is-vertical is-content-justification-center is-layout-flex wp-container-core-group-is-layout-b6f51282 wp-block-group-is-layout-flex\" style=\"padding-top:var(--wp--preset--spacing--m);padding-right:var(--wp--preset--spacing--s);padding-bottom:var(--wp--preset--spacing--m);padding-left:var(--wp--preset--spacing--s)\">\n<figure class=\"wp-block-image aligncenter size-full is-resized\"><img loading=\"lazy\" decoding=\"async\" width=\"32\" height=\"32\" src=\"https:\/\/www.leeb-balkone.com\/app\/uploads\/2025\/03\/clock.svg\" alt=\"clock\" class=\"wp-image-145627\" style=\"width:32px\"\/><\/figure>\n\n\n\n<div class=\"wp-block-group is-vertical is-content-justification-center is-layout-flex wp-container-core-group-is-layout-fefd951e wp-block-group-is-layout-flex\">\n<p class=\"has-text-align-center has-step-xs-font-size wp-block-paragraph\">Arbeitsmodell<\/p>\n\n\n\n<p class=\"has-text-align-center has-step-05-font-size wp-block-paragraph\"><strong>Vollzeit oder Teilzeit<\/strong><\/p>\n<\/div>\n<\/div>\n\n\n\n<div class=\"wp-block-group t3-job-facts has-light-gray-background-color has-background wp-container-content-725258bd is-vertical is-content-justification-center is-layout-flex wp-container-core-group-is-layout-b6f51282 wp-block-group-is-layout-flex\" style=\"padding-top:var(--wp--preset--spacing--m);padding-right:var(--wp--preset--spacing--s);padding-bottom:var(--wp--preset--spacing--m);padding-left:var(--wp--preset--spacing--s)\">\n<figure class=\"wp-block-image aligncenter size-full is-resized\"><img loading=\"lazy\" decoding=\"async\" width=\"32\" height=\"32\" src=\"https:\/\/www.leeb-balkone.com\/app\/uploads\/2025\/03\/calendar.svg\" alt=\"calendar\" class=\"wp-image-145622\" style=\"width:32px\"\/><\/figure>\n\n\n\n<div class=\"wp-block-group is-vertical is-content-justification-center is-layout-flex wp-container-core-group-is-layout-fefd951e wp-block-group-is-layout-flex\">\n<p class=\"has-text-align-center has-step-xs-font-size wp-block-paragraph\">Start<\/p>\n\n\n\n<p class=\"has-text-align-center has-step-05-font-size wp-block-paragraph\"><strong>ab sofort<\/strong><\/p>\n<\/div>\n<\/div>\n\n\n\n<div class=\"wp-block-group t3-job-facts has-light-gray-background-color has-background wp-container-content-725258bd is-vertical is-content-justification-center is-layout-flex wp-container-core-group-is-layout-b6f51282 wp-block-group-is-layout-flex\" style=\"padding-top:var(--wp--preset--spacing--m);padding-right:var(--wp--preset--spacing--s);padding-bottom:var(--wp--preset--spacing--m);padding-left:var(--wp--preset--spacing--s)\">\n<figure class=\"wp-block-image aligncenter size-full is-resized\"><img loading=\"lazy\" decoding=\"async\" width=\"32\" height=\"32\" src=\"https:\/\/www.leeb-balkone.com\/app\/uploads\/2025\/03\/tools.svg\" alt=\"tools\" class=\"wp-image-145642\" style=\"width:32px\"\/><\/figure>\n\n\n\n<div class=\"wp-block-group is-vertical is-content-justification-center is-layout-flex wp-container-core-group-is-layout-fefd951e wp-block-group-is-layout-flex\">\n<p class=\"has-text-align-center has-step-xs-font-size wp-block-paragraph\">Kollektivvertrag<\/p>\n\n\n\n<p class=\"has-text-align-center has-step-05-font-size wp-block-paragraph\"><strong>Metallindustrie<\/strong><\/p>\n<\/div>\n<\/div>\n\n\n\n<div class=\"wp-block-group t3-job-facts has-light-gray-background-color has-background wp-container-content-725258bd is-vertical is-content-justification-center is-layout-flex wp-container-core-group-is-layout-b6f51282 wp-block-group-is-layout-flex\" style=\"padding-top:var(--wp--preset--spacing--m);padding-right:var(--wp--preset--spacing--s);padding-bottom:var(--wp--preset--spacing--m);padding-left:var(--wp--preset--spacing--s)\">\n<figure class=\"wp-block-image aligncenter size-full is-resized\"><img loading=\"lazy\" decoding=\"async\" width=\"32\" height=\"32\" src=\"https:\/\/www.leeb-balkone.com\/app\/uploads\/2025\/03\/pin.svg\" alt=\"pin\" class=\"wp-image-145637\" style=\"width:32px\"\/><\/figure>\n\n\n\n<div class=\"wp-block-group is-vertical is-content-justification-center is-layout-flex wp-container-core-group-is-layout-fefd951e wp-block-group-is-layout-flex\">\n<p class=\"has-text-align-center has-step-xs-font-size wp-block-paragraph\">Arbeitsort<\/p>\n\n\n\n<p class=\"has-text-align-center has-step-05-font-size wp-block-paragraph\"><strong>9563 Gnesau<\/strong><\/p>\n<\/div>\n<\/div>\n\n\n\n<div class=\"wp-block-group t3-job-facts has-light-gray-background-color has-background wp-container-content-725258bd is-vertical is-content-justification-center is-layout-flex wp-container-core-group-is-layout-b6f51282 wp-block-group-is-layout-flex\" style=\"padding-top:var(--wp--preset--spacing--m);padding-right:var(--wp--preset--spacing--s);padding-bottom:var(--wp--preset--spacing--m);padding-left:var(--wp--preset--spacing--s)\">\n<figure class=\"wp-block-image aligncenter size-full is-resized\"><img loading=\"lazy\" decoding=\"async\" width=\"32\" height=\"32\" src=\"https:\/\/www.leeb-balkone.com\/app\/uploads\/2025\/03\/coin.svg\" alt=\"coin\" class=\"wp-image-145632\" style=\"width:32px\"\/><\/figure>\n\n\n\n<div class=\"wp-block-group is-vertical is-content-justification-center is-layout-flex wp-container-core-group-is-layout-fefd951e wp-block-group-is-layout-flex\">\n<p class=\"has-text-align-center has-step-xs-font-size wp-block-paragraph\">Gehalt mind.<\/p>\n\n\n\n<p class=\"has-text-align-center has-step-05-font-size wp-block-paragraph\"><strong>EUR 3.000 &#8211; 3.500<\/strong><\/p>\n<\/div>\n<\/div>\n<\/div>\n\n\n\n<div class=\"wp-block-group has-global-padding is-layout-constrained wp-container-core-group-is-layout-cb48529f wp-block-group-is-layout-constrained\" style=\"padding-top:var(--wp--preset--spacing--xl)\">\n<p class=\"wp-block-paragraph\">Bei uns bist du nicht nur f\u00fcr Zahlen zust\u00e4ndig, sondern eine wichtige Ansprechperson f\u00fcr Mitarbeitende und F\u00fchrungskr\u00e4fte \u00fcber den gesamten Employee Lifecycle hinweg.<\/p>\n\n\n\n<div class=\"wp-block-group is-layout-flow wp-block-group-is-layout-flow\">\n<h2 class=\"wp-block-heading has-step-1-font-size\">Das bieten wir dir<\/h2>\n\n\n\n<ul class=\"wp-block-list is-style-checkmark-2\">\n<li>Langfristige Position in einem stabilen Familienunternehmen<\/li>\n\n\n\n<li>Vielseitiges Aufgabengebiet mit hoher Eigenverantwortung und kurzen Entscheidungswegen<\/li>\n\n\n\n<li>Wahlweise Vollzeit oder Teilzeit mit Arbeitszeiteinteilung nach Vereinbarung<\/li>\n\n\n\n<li>Motiviertes Team, tolles Betriebsklima und gegenseitige Wertsch\u00e4tzung<\/li>\n\n\n\n<li>Eine strukturierte Einschulung und fachliche Weiterbildungsm\u00f6glichkeiten<\/li>\n\n\n\n<li>Die M\u00f6glichkeit, Abrechnungsprozesse aktiv mitzugestalten<\/li>\n\n\n\n<li>Umfassende Mitarbeiterverg\u00fcnstigungen und Veranstaltungen<\/li>\n\n\n\n<li>F\u00fcr diese Position bieten wir je nach Qualifikation und Berufserfahrung ab EUR 3.000 brutto (Junior), ab EUR 3.500 brutto (mit umfassender Erfahrung) monatlich auf Vollzeitbasis (38,5 Stunden) &#8211; mit klarer Bereitschaft zur \u00dcberzahlung. Das Teilzeitgehalt wird aliquot vereinbart.<\/li>\n<\/ul>\n<\/div>\n\n\n\n<div class=\"wp-block-group is-layout-flow wp-block-group-is-layout-flow\">\n<h2 class=\"wp-block-heading has-step-1-font-size\">Deine Zust\u00e4ndigkeiten und Aufgaben<\/h2>\n\n\n\n<ul class=\"wp-block-list is-style-checkmark-2\">\n<li>Eigenst\u00e4ndige Durchf\u00fchrung der monatlichen Lohn- und Gehaltsverrechnung inklusive Sonderzahlungen, Zulagen, \u00dcberstunden, Reisekosten und Abgaben)<\/li>\n\n\n\n<li>Betreuung der Personaladministration von Ein- und Austritten <\/li>\n\n\n\n<li>Verantwortung f\u00fcr Zeitwirtschaft, Fehlzeiten, Urlaube und abrechnungsrelevante Stammdaten<\/li>\n\n\n\n<li>Ansprechperson f\u00fcr Mitarbeitende und F\u00fchrungskr\u00e4fte bei Fragen zu Abrechnung, Arbeitsrecht, Sozialversicherung und Personaladministration<\/li>\n\n\n\n<li>Kommunikation mit \u00c4mtern, Beh\u00f6rden und Sozialversicherungstr\u00e4gern sowie Abwicklung relevanter Meldungen und F\u00f6rderungen; Erstellung personalrelevanter Schreiben<\/li>\n\n\n\n<li>Unterst\u00fctzung bei Monats- und Jahresabschlussarbeiten, R\u00fcckstellungen, Auswertungen und HR-Reports<\/li>\n<\/ul>\n<\/div>\n\n\n\n<div class=\"wp-block-group is-layout-flow wp-block-group-is-layout-flow\">\n<h2 class=\"wp-block-heading has-step-1-font-size\">Qualifikationen \/ Anforderungen<\/h2>\n\n\n\n<ul class=\"wp-block-list is-style-checkmark-2\">\n<li>Abgeschlossene kaufm\u00e4nnische Ausbildung und erfolgreich absolvierte Personalverrechnungspr\u00fcfung<\/li>\n\n\n\n<li>Mehrj\u00e4hrige Berufserfahrung in der \u00f6sterreichischen Lohn- und Gehaltsverrechnung<\/li>\n\n\n\n<li>Gute Kenntnisse im Arbeits-, Sozialversicherungs- und Lohnsteuerrecht<\/li>\n\n\n\n<li>Erfahrung mit BMD NTCS ist ein gro\u00dfer Vorteil<\/li>\n\n\n\n<li>Sehr genaue, strukturierte und eigenverantwortliche Arbeitsweise<\/li>\n\n\n\n<li>Diskretion, Verantwortungsbewusstsein und Freude daran im Team zu arbeiten<\/li>\n\n\n\n<li>Interesse an digitalen L\u00f6sungen und an der laufenden Verbesserung von Abl\u00e4ufen von Vorteil<\/li>\n<\/ul>\n<\/div>\n\n\n\n<div class=\"wp-block-buttons is-layout-flex wp-block-buttons-is-layout-flex\">\n<div class=\"wp-block-button\"><a class=\"wp-block-button__link wp-element-button\" href=\"#bewerbung\">Jetzt bewerben<\/a><\/div>\n<\/div>\n<\/div>\n<\/section>\n\n\n\n<section class=\"wp-block-group alignfull has-light-gray-background-color has-background has-global-padding is-layout-constrained wp-container-core-group-is-layout-442102e5 wp-block-group-is-layout-constrained\" id=\"benefits\" style=\"margin-top:0;margin-bottom:0;padding-top:var(--wp--preset--spacing--2-xl);padding-bottom:var(--wp--preset--spacing--2-xl)\">\n<div class=\"wp-block-group has-global-padding is-layout-constrained wp-container-core-group-is-layout-a3c4f172 wp-block-group-is-layout-constrained\" style=\"padding-bottom:var(--wp--preset--spacing--l)\">\n<div class=\"wp-block-columns is-layout-flex wp-container-core-columns-is-layout-1fa445aa wp-block-columns-is-layout-flex\" style=\"margin-top:0;margin-bottom:0\">\n<div class=\"wp-block-column is-vertically-aligned-bottom is-layout-flow wp-block-column-is-layout-flow\" style=\"flex-basis:66.66%\">\n<h2 class=\"wp-block-heading\">Deine Benefits<\/h2>\n<\/div>\n\n\n\n<div class=\"wp-block-column is-vertically-aligned-bottom is-layout-flow wp-block-column-is-layout-flow\" style=\"flex-basis:33.33%\">\n<div class=\"wp-block-buttons u-m-jc-left is-content-justification-right is-layout-flex wp-container-core-buttons-is-layout-ed585eab wp-block-buttons-is-layout-flex\">\n<div class=\"wp-block-button is-style-outline-secondary\"><a class=\"wp-block-button__link wp-element-button\" href=\"https:\/\/www.leeb-balkone.com\/at\/leeb-benefits-fuer-mitarbeiter\/\">Alle Benefits<\/a><\/div>\n<\/div>\n<\/div>\n<\/div>\n<\/div>\n\n\n\n<div class=\"wp-block-group is-layout-flow wp-block-group-is-layout-flow\" style=\"margin-top:0\">\n<div class=\"wp-block-group is-layout-grid wp-container-core-group-is-layout-22fab543 wp-block-group-is-layout-grid\">\n<div class=\"wp-block-group m-card benefits has-global-padding is-layout-constrained wp-block-group-is-layout-constrained\">\n<div class=\"wp-block-cover has-custom-content-position is-position-bottom-center\" style=\"padding-bottom:var(--wp--preset--spacing--m)\"><img loading=\"lazy\" decoding=\"async\" width=\"2560\" height=\"1918\" class=\"wp-block-cover__image-background wp-image-9729\" alt=\"Leeb Mitarbeiter stark-verl\u00e4sslich-sch\u00f6n\" src=\"https:\/\/www.leeb-balkone.com\/app\/uploads\/2020\/10\/leeb-balkone-mitarbeiter-21-scaled.jpg\" style=\"object-position:40% 47%\" data-object-fit=\"cover\" data-object-position=\"40% 47%\" srcset=\"https:\/\/www.leeb-balkone.com\/app\/uploads\/2020\/10\/leeb-balkone-mitarbeiter-21-scaled.jpg 2560w, https:\/\/www.leeb-balkone.com\/app\/uploads\/2020\/10\/leeb-balkone-mitarbeiter-21-300x225.jpg 300w, https:\/\/www.leeb-balkone.com\/app\/uploads\/2020\/10\/leeb-balkone-mitarbeiter-21-1024x767.jpg 1024w, https:\/\/www.leeb-balkone.com\/app\/uploads\/2020\/10\/leeb-balkone-mitarbeiter-21-768x575.jpg 768w, https:\/\/www.leeb-balkone.com\/app\/uploads\/2020\/10\/leeb-balkone-mitarbeiter-21-1536x1151.jpg 1536w, https:\/\/www.leeb-balkone.com\/app\/uploads\/2020\/10\/leeb-balkone-mitarbeiter-21-2048x1535.jpg 2048w\" sizes=\"auto, (max-width: 2560px) 100vw, 2560px\" \/><span aria-hidden=\"true\" class=\"wp-block-cover__background has-background-dim wp-block-cover__gradient-background has-background-gradient\" style=\"background:linear-gradient(180deg,rgba(0,0,0,0) 0%,rgb(0,0,0) 53%)\"><\/span><div class=\"wp-block-cover__inner-container has-global-padding is-layout-constrained wp-block-cover-is-layout-constrained\">\n<div class=\"wp-block-group is-vertical is-layout-flex wp-container-core-group-is-layout-b4e20fee wp-block-group-is-layout-flex\">\n<h3 class=\"wp-block-heading has-text-align-left has-step-2-font-size\"><span class=\"uppercase\">Arbeiten<\/span><br><span class=\"uppercase\">im Team<\/span><\/h3>\n\n\n\n<p class=\"has-step-s-font-size wp-block-paragraph\">Gutes Arbeitsklima und\u2028flache Hierachien<\/p>\n<\/div>\n<\/div><\/div>\n<\/div>\n\n\n\n<div class=\"wp-block-group m-card benefits has-global-padding is-layout-constrained wp-block-group-is-layout-constrained\">\n<div class=\"wp-block-cover has-custom-content-position is-position-bottom-center\" style=\"padding-bottom:var(--wp--preset--spacing--m)\"><img loading=\"lazy\" decoding=\"async\" width=\"2560\" height=\"1865\" class=\"wp-block-cover__image-background wp-image-44833\" alt=\"lehre bei leeb\" src=\"https:\/\/www.leeb-balkone.com\/app\/uploads\/2021\/06\/lehre-bei-leeb-6-scaled.jpg\" data-object-fit=\"cover\" srcset=\"https:\/\/www.leeb-balkone.com\/app\/uploads\/2021\/06\/lehre-bei-leeb-6-scaled.jpg 2560w, https:\/\/www.leeb-balkone.com\/app\/uploads\/2021\/06\/lehre-bei-leeb-6-300x219.jpg 300w, https:\/\/www.leeb-balkone.com\/app\/uploads\/2021\/06\/lehre-bei-leeb-6-1024x746.jpg 1024w, https:\/\/www.leeb-balkone.com\/app\/uploads\/2021\/06\/lehre-bei-leeb-6-768x560.jpg 768w, https:\/\/www.leeb-balkone.com\/app\/uploads\/2021\/06\/lehre-bei-leeb-6-1536x1119.jpg 1536w, https:\/\/www.leeb-balkone.com\/app\/uploads\/2021\/06\/lehre-bei-leeb-6-2048x1492.jpg 2048w\" sizes=\"auto, (max-width: 2560px) 100vw, 2560px\" \/><span aria-hidden=\"true\" class=\"wp-block-cover__background has-background-dim wp-block-cover__gradient-background has-background-gradient\" style=\"background:linear-gradient(180deg,rgba(0,0,0,0) 0%,rgb(0,0,0) 53%)\"><\/span><div class=\"wp-block-cover__inner-container has-global-padding is-layout-constrained wp-block-cover-is-layout-constrained\">\n<div class=\"wp-block-group is-vertical is-layout-flex wp-container-core-group-is-layout-b4e20fee wp-block-group-is-layout-flex\">\n<h3 class=\"wp-block-heading has-text-align-left has-step-2-font-size\">FLEXIBLE ARBEITSZEITEN<\/h3>\n\n\n\n<p class=\"has-step-s-font-size wp-block-paragraph\">Vollzeit oder Teilzeit mit Gleitzeitvereinbarung<\/p>\n<\/div>\n<\/div><\/div>\n<\/div>\n\n\n\n<div class=\"wp-block-group m-card benefits has-global-padding is-layout-constrained wp-block-group-is-layout-constrained\">\n<div class=\"wp-block-cover has-custom-content-position is-position-bottom-center\" style=\"padding-bottom:var(--wp--preset--spacing--m)\"><img loading=\"lazy\" decoding=\"async\" width=\"1024\" height=\"341\" class=\"wp-block-cover__image-background wp-image-158455 size-large\" alt=\"Erfolg\" src=\"https:\/\/www.leeb-balkone.com\/app\/uploads\/2025\/10\/Erfolg-1024x341.jpeg\" style=\"object-position:71% 57%\" data-object-fit=\"cover\" data-object-position=\"71% 57%\" srcset=\"https:\/\/www.leeb-balkone.com\/app\/uploads\/2025\/10\/Erfolg-1024x341.jpeg 1024w, https:\/\/www.leeb-balkone.com\/app\/uploads\/2025\/10\/Erfolg-300x100.jpeg 300w, https:\/\/www.leeb-balkone.com\/app\/uploads\/2025\/10\/Erfolg-768x256.jpeg 768w, https:\/\/www.leeb-balkone.com\/app\/uploads\/2025\/10\/Erfolg-1536x512.jpeg 1536w, https:\/\/www.leeb-balkone.com\/app\/uploads\/2025\/10\/Erfolg-2048x683.jpeg 2048w\" sizes=\"auto, (max-width: 1024px) 100vw, 1024px\" \/><span aria-hidden=\"true\" class=\"wp-block-cover__background has-background-dim wp-block-cover__gradient-background has-background-gradient\" style=\"background:linear-gradient(180deg,rgba(0,0,0,0) 0%,rgb(0,0,0) 53%)\"><\/span><div class=\"wp-block-cover__inner-container has-global-padding is-layout-constrained wp-block-cover-is-layout-constrained\">\n<div class=\"wp-block-group is-vertical is-layout-flex wp-container-core-group-is-layout-b4e20fee wp-block-group-is-layout-flex\">\n<h3 class=\"wp-block-heading has-text-align-left has-step-2-font-size\">STABSTELLE MIT VERANTWORTUNG<\/h3>\n\n\n\n<p class=\"has-step-s-font-size wp-block-paragraph\">Vielseitiges Aufgabengebiet mit hoher Eigenverantwortung <\/p>\n<\/div>\n<\/div><\/div>\n<\/div>\n\n\n\n<div class=\"wp-block-group m-card benefits has-global-padding is-layout-constrained wp-block-group-is-layout-constrained\">\n<div class=\"wp-block-cover has-custom-content-position is-position-bottom-center\" style=\"padding-bottom:var(--wp--preset--spacing--m)\"><img loading=\"lazy\" decoding=\"async\" width=\"1880\" height=\"1200\" class=\"wp-block-cover__image-background wp-image-6173\" alt=\"Leeb Card f\u00fcr alle Leeb Mitarbeiter\" src=\"https:\/\/www.leeb-balkone.com\/app\/uploads\/2020\/08\/alu-leeb-balkone-leeb-card.jpg\" data-object-fit=\"cover\" srcset=\"https:\/\/www.leeb-balkone.com\/app\/uploads\/2020\/08\/alu-leeb-balkone-leeb-card.jpg 1880w, https:\/\/www.leeb-balkone.com\/app\/uploads\/2020\/08\/alu-leeb-balkone-leeb-card-300x191.jpg 300w, https:\/\/www.leeb-balkone.com\/app\/uploads\/2020\/08\/alu-leeb-balkone-leeb-card-1024x654.jpg 1024w, https:\/\/www.leeb-balkone.com\/app\/uploads\/2020\/08\/alu-leeb-balkone-leeb-card-768x490.jpg 768w, https:\/\/www.leeb-balkone.com\/app\/uploads\/2020\/08\/alu-leeb-balkone-leeb-card-1536x980.jpg 1536w\" sizes=\"auto, (max-width: 1880px) 100vw, 1880px\" \/><span aria-hidden=\"true\" class=\"wp-block-cover__background has-background-dim wp-block-cover__gradient-background has-background-gradient\" style=\"background:linear-gradient(180deg,rgba(0,0,0,0) 0%,rgb(0,0,0) 53%)\"><\/span><div class=\"wp-block-cover__inner-container has-global-padding is-layout-constrained wp-block-cover-is-layout-constrained\">\n<div class=\"wp-block-group is-vertical is-layout-flex wp-container-core-group-is-layout-b4e20fee wp-block-group-is-layout-flex\">\n<h3 class=\"wp-block-heading has-text-align-left has-step-2-font-size\">LEEB<br>CARD<\/h3>\n\n\n\n<p class=\"has-step-s-font-size wp-block-paragraph\">Text &#8230;<\/p>\n<\/div>\n<\/div><\/div>\n<\/div>\n<\/div>\n<\/div>\n<\/section>\n\n\n\n<section class=\"wp-block-group alignfull u-of-visible has-white-background-color has-background has-global-padding is-layout-constrained wp-container-core-group-is-layout-99a63d15 wp-block-group-is-layout-constrained\" style=\"margin-top:0;margin-bottom:0;padding-top:0;padding-bottom:var(--wp--preset--spacing--2-xl)\">\n<div class=\"wp-block-group has-global-padding is-layout-constrained wp-container-core-group-is-layout-a3c4f172 wp-block-group-is-layout-constrained\" style=\"padding-bottom:var(--wp--preset--spacing--l)\">\n<div class=\"wp-block-columns is-layout-flex wp-container-core-columns-is-layout-e56853b0 wp-block-columns-is-layout-flex\" style=\"margin-top:0;margin-bottom:0\">\n<div class=\"wp-block-column is-vertically-aligned-bottom is-layout-flow wp-block-column-is-layout-flow\" style=\"flex-basis:66.66%\">\n<h2 class=\"wp-block-heading\">Mitarbeiterstimmen<\/h2>\n\n\n\n<p class=\"wp-block-paragraph\">Unsere Mitarbeiter erz\u00e4hlen: Pers\u00f6nliche Einblicke, spannende Erlebnisse und der Weg zu ihrem Erfolg \u2013 entdecke, was unser Team so besonders macht!<\/p>\n<\/div>\n\n\n\n<div class=\"wp-block-column is-vertically-aligned-bottom is-layout-flow wp-block-column-is-layout-flow\" style=\"flex-basis:33.33%\">\n<div class=\"wp-block-buttons u-m-jc-left is-content-justification-right is-layout-flex wp-container-core-buttons-is-layout-ed585eab wp-block-buttons-is-layout-flex\">\n<div class=\"wp-block-button is-style-outline-secondary\"><a class=\"wp-block-button__link wp-element-button\" href=\"https:\/\/www.leeb-balkone.com\/at\/karriere-bei-leeb\/leeb-inside\/\">Leeb inside<\/a><\/div>\n<\/div>\n<\/div>\n<\/div>\n<\/div>\n\n\n\n<div class=\"wp-block-group is-layout-flow wp-block-group-is-layout-flow\" style=\"margin-top:0\">\n\n\n<div class=\"wp-block-columns testimonial m-split is-layout-flex wp-container-core-columns-is-layout-c5bf8e6e wp-block-columns-is-layout-flex\">\n<div class=\"wp-block-column is-layout-flow wp-block-column-is-layout-flow\">\n<div class=\"wp-block-group is-layout-flow wp-block-group-is-layout-flow has-background\" style=\"min-height:100%;background-image:url(&apos;https:\/\/www.leeb-balkone.com\/app\/uploads\/2025\/05\/Ertl-Alexander-scaled.jpg&apos;);background-position:48% 30%;background-size:cover;\"><\/div>\n<\/div>\n\n\n\n<div class=\"wp-block-column testimonial-text is-layout-flow wp-block-column-is-layout-flow\">\n<div class=\"wp-block-group has-light-gray-background-color has-background is-vertical is-layout-flex wp-container-core-group-is-layout-17283fcb wp-block-group-is-layout-flex\" style=\"padding-top:var(--wp--preset--spacing--xl);padding-right:var(--wp--preset--spacing--xl);padding-bottom:var(--wp--preset--spacing--xl);padding-left:var(--wp--preset--spacing--l)\">\n<h3 class=\"wp-block-heading\">Leeb Balkone w\u00e4chst \u2013 und mit uns auch unsere F\u00fchrungsebene!<\/h3>\n\n\n\n<p class=\"has-step-1-font-size wp-block-paragraph\"><em>&#8220;Ich freue mich sehr auf diese neue Herausforderung. Leeb Balkone ist ein Unternehmen mit einer beeindruckenden Tradition und Innovationskraft<\/em>.&#8221;<\/p>\n\n\n\n<p class=\"has-step-s-font-size wp-block-paragraph\"><strong>Dipl.-Ing. Alexander Ertl<\/strong><br>Gesch\u00e4ftsf\u00fchrung<\/p>\n\n\n\n<div class=\"wp-block-buttons is-layout-flex wp-block-buttons-is-layout-flex\" style=\"margin-top:0;margin-bottom:0\">\n<div class=\"wp-block-button\"><a class=\"wp-block-button__link wp-element-button\" href=\"https:\/\/vimeo.com\/1065771034\" target=\"_blank\" rel=\"noreferrer noopener\">Hier geht&#8217;s zum Video<\/a><\/div>\n<\/div>\n<\/div>\n<\/div>\n<\/div>\n\n\n\n<div class=\"wp-block-columns testimonial m-split m-split-reverse is-layout-flex wp-container-core-columns-is-layout-c5bf8e6e wp-block-columns-is-layout-flex\">\n<div class=\"wp-block-column is-layout-flow wp-block-column-is-layout-flow\">\n<div class=\"wp-block-group is-layout-flow wp-block-group-is-layout-flow has-background\" style=\"min-height:100%;background-image:url(&apos;https:\/\/www.leeb-balkone.com\/app\/uploads\/2025\/03\/thomas-monay.jpg&apos;);background-position:54% 28.999999999999996%;background-size:cover;\"><\/div>\n<\/div>\n\n\n\n<div class=\"wp-block-column testimonial-text is-layout-flow wp-block-column-is-layout-flow\">\n<div class=\"wp-block-group has-light-gray-background-color has-background is-vertical is-layout-flex wp-container-core-group-is-layout-17283fcb wp-block-group-is-layout-flex\" style=\"padding-top:var(--wp--preset--spacing--xl);padding-right:var(--wp--preset--spacing--xl);padding-bottom:var(--wp--preset--spacing--xl);padding-left:var(--wp--preset--spacing--l)\">\n<h3 class=\"wp-block-heading\">Studium und Arbeit vereinen<\/h3>\n\n\n\n<p class=\"has-step-1-font-size wp-block-paragraph\">&#8220;<em>Leeb ist hier sehr flexibel. Ich kann mir meine Stunden gut einteilen.<\/em>&#8220;<\/p>\n\n\n\n<p class=\"has-step-s-font-size wp-block-paragraph\"><strong>Thomas Monay<\/strong><br>IT-Abteilung<\/p>\n\n\n\n<div class=\"wp-block-buttons is-layout-flex wp-block-buttons-is-layout-flex\" style=\"margin-top:0;margin-bottom:0\">\n<div class=\"wp-block-button\"><a class=\"wp-block-button__link wp-element-button\" href=\"https:\/\/vimeo.com\/1065780977\" target=\"_blank\" rel=\"noreferrer noopener\">Hier geht&#8217;s zum Video<\/a><\/div>\n<\/div>\n<\/div>\n<\/div>\n<\/div>\n\n\n\n<div class=\"wp-block-columns testimonial m-split is-layout-flex wp-container-core-columns-is-layout-c5bf8e6e wp-block-columns-is-layout-flex\">\n<div class=\"wp-block-column is-layout-flow wp-block-column-is-layout-flow\">\n<div class=\"wp-block-group is-layout-flow wp-block-group-is-layout-flow has-background\" style=\"min-height:100%;background-image:url(&apos;https:\/\/www.leeb-balkone.com\/app\/uploads\/2025\/03\/stefan-schusser.jpg&apos;);background-position:54% 28.999999999999996%;background-size:cover;\"><\/div>\n<\/div>\n\n\n\n<div class=\"wp-block-column testimonial-text is-layout-flow wp-block-column-is-layout-flow\">\n<div class=\"wp-block-group has-light-gray-background-color has-background is-vertical is-layout-flex wp-container-core-group-is-layout-17283fcb wp-block-group-is-layout-flex\" style=\"padding-top:var(--wp--preset--spacing--xl);padding-right:var(--wp--preset--spacing--xl);padding-bottom:var(--wp--preset--spacing--xl);padding-left:var(--wp--preset--spacing--l)\">\n<h3 class=\"wp-block-heading\">Interne Weiterentwicklung bei Leeb<\/h3>\n\n\n\n<p class=\"has-step-1-font-size wp-block-paragraph\">&#8220;Ich bin sehr dankbar f\u00fcr die M\u00f6glichkeit mich st\u00e4ndig intern weiter entwickeln zu k\u00f6nnen&#8221;<\/p>\n\n\n\n<p class=\"has-step-s-font-size wp-block-paragraph\"><strong>Stefan Schusser<\/strong><br>Vertrieb Objektbau<\/p>\n\n\n\n<div class=\"wp-block-buttons is-layout-flex wp-block-buttons-is-layout-flex\" style=\"margin-top:0;margin-bottom:0\">\n<div class=\"wp-block-button\"><a class=\"wp-block-button__link wp-element-button\" href=\"https:\/\/vimeo.com\/1065778942\" target=\"_blank\" rel=\"noreferrer noopener\">Hier geht&#8217;s zum Video<\/a><\/div>\n<\/div>\n<\/div>\n<\/div>\n<\/div>\n\n\n\n<div class=\"wp-block-columns testimonial m-split m-split-reverse is-layout-flex wp-container-core-columns-is-layout-c5bf8e6e wp-block-columns-is-layout-flex\">\n<div class=\"wp-block-column is-layout-flow wp-block-column-is-layout-flow\">\n<div class=\"wp-block-group is-layout-flow wp-block-group-is-layout-flow has-background\" style=\"min-height:100%;background-image:url(&apos;https:\/\/www.leeb-balkone.com\/app\/uploads\/2025\/03\/martin-sabrina.jpg&apos;);background-position:54% 28.999999999999996%;background-size:cover;\"><\/div>\n<\/div>\n\n\n\n<div class=\"wp-block-column testimonial-text is-layout-flow wp-block-column-is-layout-flow\">\n<div class=\"wp-block-group has-light-gray-background-color has-background is-vertical is-layout-flex wp-container-core-group-is-layout-17283fcb wp-block-group-is-layout-flex\" style=\"padding-top:var(--wp--preset--spacing--xl);padding-right:var(--wp--preset--spacing--xl);padding-bottom:var(--wp--preset--spacing--xl);padding-left:var(--wp--preset--spacing--l)\">\n<h3 class=\"wp-block-heading\">Mamaschicht bei Leeb<\/h3>\n\n\n\n<p class=\"has-step-1-font-size wp-block-paragraph\">&#8220;Das Modell MAMASCHICHT erm\u00f6glicht es mir, die Arbeitszeiten flexibel einzuteilen, sodass ich diese mit meinen Kindern optimal vereinbaren kann&#8221;<\/p>\n\n\n\n<p class=\"has-step-s-font-size wp-block-paragraph\"><strong>Sabrina Martin<\/strong><br>Bereich Verpackung<\/p>\n\n\n\n<div class=\"wp-block-buttons is-layout-flex wp-block-buttons-is-layout-flex\" style=\"margin-top:0;margin-bottom:0\">\n<div class=\"wp-block-button\"><a class=\"wp-block-button__link wp-element-button\" href=\"https:\/\/vimeo.com\/1065778204\" target=\"_blank\" rel=\"noreferrer noopener\">Hier geht&#8217;s zum Video<\/a><\/div>\n<\/div>\n<\/div>\n<\/div>\n<\/div>\n\n\n\n<div class=\"wp-block-columns testimonial m-split is-layout-flex wp-container-core-columns-is-layout-c5bf8e6e wp-block-columns-is-layout-flex\">\n<div class=\"wp-block-column is-layout-flow wp-block-column-is-layout-flow\">\n<div class=\"wp-block-group is-layout-flow wp-block-group-is-layout-flow has-background\" style=\"min-height:100%;background-image:url(&apos;https:\/\/www.leeb-balkone.com\/app\/uploads\/2025\/03\/jennifer-moser.jpg&apos;);background-position:54% 28.999999999999996%;background-size:cover;\"><\/div>\n<\/div>\n\n\n\n<div class=\"wp-block-column testimonial-text is-layout-flow wp-block-column-is-layout-flow\">\n<div class=\"wp-block-group has-light-gray-background-color has-background is-vertical is-layout-flex wp-container-core-group-is-layout-17283fcb wp-block-group-is-layout-flex\" style=\"padding-top:var(--wp--preset--spacing--xl);padding-right:var(--wp--preset--spacing--xl);padding-bottom:var(--wp--preset--spacing--xl);padding-left:var(--wp--preset--spacing--l)\">\n<h3 class=\"wp-block-heading\">Job &amp; Familie \u2013 R\u00fcckkehr nach der Karenz<\/h3>\n\n\n\n<p class=\"has-step-1-font-size wp-block-paragraph\">&#8220;Nach 2 Jahren Babypause konnte ich in Teilzeit wieder in meinem alten Team arbeiten&#8221;<\/p>\n\n\n\n<p class=\"has-step-s-font-size wp-block-paragraph\"><strong>Jennifer Moser<\/strong><br>Bereich Arbeitsvorbereitung<\/p>\n\n\n\n<div class=\"wp-block-buttons is-layout-flex wp-block-buttons-is-layout-flex\" style=\"margin-top:0;margin-bottom:0\">\n<div class=\"wp-block-button\"><a class=\"wp-block-button__link wp-element-button\" href=\"https:\/\/vimeo.com\/1065775573\" target=\"_blank\" rel=\"noreferrer noopener\">Hier geht&#8217;s zum Video<\/a><\/div>\n<\/div>\n<\/div>\n<\/div>\n<\/div>\n\n\n\n<div class=\"wp-block-columns testimonial m-split m-split-reverse is-layout-flex wp-container-core-columns-is-layout-c5bf8e6e wp-block-columns-is-layout-flex\">\n<div class=\"wp-block-column is-layout-flow wp-block-column-is-layout-flow\">\n<div class=\"wp-block-group is-layout-flow wp-block-group-is-layout-flow has-background\" style=\"min-height:100%;background-image:url(&apos;https:\/\/www.leeb-balkone.com\/app\/uploads\/2025\/03\/burgi-kirchbaumer.jpg&apos;);background-position:54% 28.999999999999996%;background-size:cover;\"><\/div>\n<\/div>\n\n\n\n<div class=\"wp-block-column testimonial-text is-layout-flow wp-block-column-is-layout-flow\">\n<div class=\"wp-block-group has-light-gray-background-color has-background is-vertical is-layout-flex wp-container-core-group-is-layout-17283fcb wp-block-group-is-layout-flex\" style=\"padding-top:var(--wp--preset--spacing--xl);padding-right:var(--wp--preset--spacing--xl);padding-bottom:var(--wp--preset--spacing--xl);padding-left:var(--wp--preset--spacing--l)\">\n<h3 class=\"wp-block-heading\">Ein Leeben lang bei Leeb! <\/h3>\n\n\n\n<p class=\"has-step-1-font-size wp-block-paragraph\">&#8220;<em>Besonders sch\u00e4tze ich das Unternehmen Leeb, bzw. die Familie Leeb, die seit beinahe 40 Jahren mein Wegbegleiter ist! Sie haben mich immer gef\u00f6rdert und weiterentwickeln lassen.<\/em>&#8220;<\/p>\n\n\n\n<p class=\"has-step-s-font-size wp-block-paragraph\"><strong>Burgi Kirchbaumer<\/strong><br>Auftragsleitung<\/p>\n\n\n\n<div class=\"wp-block-buttons is-layout-flex wp-block-buttons-is-layout-flex\" style=\"margin-top:0;margin-bottom:0\">\n<div class=\"wp-block-button\"><a class=\"wp-block-button__link wp-element-button\" href=\"https:\/\/vimeo.com\/1065773549\" target=\"_blank\" rel=\"noreferrer noopener\">Hier geht&#8217;s zum Video<\/a><\/div>\n<\/div>\n<\/div>\n<\/div>\n<\/div>\n<\/div>\n<\/section>\n\n\n\n<section class=\"wp-block-cover alignfull is-light\" style=\"margin-top:0;margin-bottom:0;padding-top:0;padding-right:0;padding-bottom:0;padding-left:0;min-height:100px;aspect-ratio:unset;\"><img loading=\"lazy\" decoding=\"async\" width=\"2560\" height=\"1865\" class=\"wp-block-cover__image-background wp-image-44801\" alt=\"lehre bei leeb balkone\" src=\"https:\/\/www.leeb-balkone.com\/app\/uploads\/2021\/06\/lehre-bei-leeb-balkone-scaled.jpg\" style=\"object-position:54% 12%\" data-object-fit=\"cover\" data-object-position=\"54% 12%\" srcset=\"https:\/\/www.leeb-balkone.com\/app\/uploads\/2021\/06\/lehre-bei-leeb-balkone-scaled.jpg 2560w, https:\/\/www.leeb-balkone.com\/app\/uploads\/2021\/06\/lehre-bei-leeb-balkone-300x219.jpg 300w, https:\/\/www.leeb-balkone.com\/app\/uploads\/2021\/06\/lehre-bei-leeb-balkone-1024x746.jpg 1024w, https:\/\/www.leeb-balkone.com\/app\/uploads\/2021\/06\/lehre-bei-leeb-balkone-768x560.jpg 768w, https:\/\/www.leeb-balkone.com\/app\/uploads\/2021\/06\/lehre-bei-leeb-balkone-1536x1119.jpg 1536w, https:\/\/www.leeb-balkone.com\/app\/uploads\/2021\/06\/lehre-bei-leeb-balkone-2048x1492.jpg 2048w\" sizes=\"auto, (max-width: 2560px) 100vw, 2560px\" \/><span aria-hidden=\"true\" class=\"wp-block-cover__background has-primary-background-color has-background-dim-70 has-background-dim\"><\/span><div class=\"wp-block-cover__inner-container has-global-padding is-layout-constrained wp-container-core-cover-is-layout-c27392f6 wp-block-cover-is-layout-constrained\">\n<div class=\"wp-block-group is-layout-flow wp-block-group-is-layout-flow\" style=\"min-height:0px;margin-top:0;margin-bottom:0;padding-top:var(--wp--preset--spacing--2-xl);padding-bottom:var(--wp--preset--spacing--2-xl);padding-left:0\">\n<div class=\"wp-block-columns are-vertically-aligned-center is-layout-flex wp-container-core-columns-is-layout-e56853b0 wp-block-columns-is-layout-flex\" style=\"margin-top:0;margin-bottom:0\">\n<div class=\"wp-block-column is-vertically-aligned-center is-layout-flow wp-block-column-is-layout-flow\" style=\"flex-basis:66.66%\">\n<h2 class=\"wp-block-heading has-white-color has-text-color has-link-color wp-elements-6838885dc5936b20d95b36facb5cc1d5\">Starte deine Zukunft<\/h2>\n\n\n\n<p class=\"has-white-color has-text-color has-link-color wp-elements-f05c30acef53a1d494a22ea17537f60b wp-block-paragraph\">Werde Teil unseres Teams und gestalte Deine Karriere.\u2028Nutze jetzt Deine Chance und bewirb dich!<\/p>\n<\/div>\n\n\n\n<div class=\"wp-block-column is-vertically-aligned-center is-layout-flow wp-block-column-is-layout-flow\" style=\"flex-basis:33.33%\">\n<div class=\"wp-block-buttons u-m-jc-left is-content-justification-right is-layout-flex wp-container-core-buttons-is-layout-ed585eab wp-block-buttons-is-layout-flex\">\n<div class=\"wp-block-button is-style-filled-white large\"><a class=\"wp-block-button__link wp-element-button\" href=\"#bewerbung\">Jetzt bewerben<\/a><\/div>\n<\/div>\n<\/div>\n<\/div>\n<\/div>\n<\/div><\/section>\n\n\n\n<section class=\"wp-block-group alignfull u-of-visible has-white-background-color has-background has-global-padding is-layout-constrained wp-container-core-group-is-layout-442102e5 wp-block-group-is-layout-constrained\" style=\"margin-top:0;margin-bottom:0;padding-top:var(--wp--preset--spacing--2-xl);padding-bottom:var(--wp--preset--spacing--2-xl)\">\n<div class=\"wp-block-group has-global-padding is-layout-constrained wp-container-core-group-is-layout-4adf78a0 wp-block-group-is-layout-constrained\" style=\"padding-bottom:var(--wp--preset--spacing--2-xl)\">\n<div class=\"wp-block-columns is-layout-flex wp-container-core-columns-is-layout-e56853b0 wp-block-columns-is-layout-flex\" style=\"margin-top:0;margin-bottom:0\">\n<div class=\"wp-block-column is-vertically-aligned-bottom is-layout-flow wp-block-column-is-layout-flow\" style=\"flex-basis:66.66%\">\n<h2 class=\"wp-block-heading\">Dein zuk\u00fcnftiges Team<\/h2>\n\n\n\n<p class=\"wp-block-paragraph\">Erhalte einen ersten Eindruck von unserem Team \u2013 vier Kolleg:innen geben dir einen Einblick in ihre Rollen. So wei\u00dft du schon, mit wem du in Zukunft zusammenarbeiten k\u00f6nntest.<\/p>\n<\/div>\n\n\n\n<div class=\"wp-block-column is-vertically-aligned-bottom is-layout-flow wp-block-column-is-layout-flow\" style=\"flex-basis:33.33%\"><\/div>\n<\/div>\n<\/div>\n\n\n\n<div class=\"wp-block-group has-global-padding is-layout-constrained wp-container-core-group-is-layout-16b8d4ad wp-block-group-is-layout-constrained\" style=\"margin-top:0\">\n<div class=\"wp-block-group is-layout-grid wp-container-core-group-is-layout-5e8cf338 wp-block-group-is-layout-grid\">\n<div class=\"wp-block-group is-vertical is-content-justification-center is-layout-flex wp-container-core-group-is-layout-49d602be wp-block-group-is-layout-flex\">\n<figure class=\"wp-block-image size-full has-custom-border\"><img loading=\"lazy\" decoding=\"async\" width=\"1706\" height=\"2560\" src=\"https:\/\/www.leeb-balkone.com\/app\/uploads\/2025\/04\/Portrait-Julia-Krenn-1-2-scaled.jpg\" alt=\"Portrait Julia Krenn 1\" class=\"wp-image-147102\" style=\"border-radius:100%;aspect-ratio:1;object-fit:cover\" srcset=\"https:\/\/www.leeb-balkone.com\/app\/uploads\/2025\/04\/Portrait-Julia-Krenn-1-2-scaled.jpg 1706w, https:\/\/www.leeb-balkone.com\/app\/uploads\/2025\/04\/Portrait-Julia-Krenn-1-2-200x300.jpg 200w, https:\/\/www.leeb-balkone.com\/app\/uploads\/2025\/04\/Portrait-Julia-Krenn-1-2-682x1024.jpg 682w, https:\/\/www.leeb-balkone.com\/app\/uploads\/2025\/04\/Portrait-Julia-Krenn-1-2-768x1152.jpg 768w, https:\/\/www.leeb-balkone.com\/app\/uploads\/2025\/04\/Portrait-Julia-Krenn-1-2-1024x1536.jpg 1024w, https:\/\/www.leeb-balkone.com\/app\/uploads\/2025\/04\/Portrait-Julia-Krenn-1-2-1365x2048.jpg 1365w\" sizes=\"auto, (max-width: 1706px) 100vw, 1706px\" \/><\/figure>\n\n\n\n<div class=\"wp-block-group is-vertical is-content-justification-center is-layout-flex wp-container-core-group-is-layout-d1f5edd6 wp-block-group-is-layout-flex\" style=\"margin-top:0;margin-bottom:0\">\n<p class=\"has-text-align-center wp-block-paragraph\"><strong>Julia Krenn<\/strong><\/p>\n\n\n\n<p class=\"has-step-xs-font-size wp-block-paragraph\">HR Management <\/p>\n<\/div>\n<\/div>\n\n\n\n<div class=\"wp-block-group is-vertical is-content-justification-center is-layout-flex wp-container-core-group-is-layout-49d602be wp-block-group-is-layout-flex\">\n<figure class=\"wp-block-image size-large has-custom-border\"><img loading=\"lazy\" decoding=\"async\" width=\"683\" height=\"1024\" src=\"https:\/\/www.leeb-balkone.com\/app\/uploads\/2026\/08\/roswitha-leeb-portrait-2026-3-683x1024.jpg\" alt=\"roswitha leeb portrait 2026\" class=\"wp-image-173366\" style=\"border-radius:100%;aspect-ratio:1;object-fit:cover;object-position:64% 30%\" srcset=\"https:\/\/www.leeb-balkone.com\/app\/uploads\/2026\/08\/roswitha-leeb-portrait-2026-3-683x1024.jpg 683w, https:\/\/www.leeb-balkone.com\/app\/uploads\/2026\/08\/roswitha-leeb-portrait-2026-3-200x300.jpg 200w, https:\/\/www.leeb-balkone.com\/app\/uploads\/2026\/08\/roswitha-leeb-portrait-2026-3-768x1152.jpg 768w, https:\/\/www.leeb-balkone.com\/app\/uploads\/2026\/08\/roswitha-leeb-portrait-2026-3-1024x1536.jpg 1024w, https:\/\/www.leeb-balkone.com\/app\/uploads\/2026\/08\/roswitha-leeb-portrait-2026-3-1365x2048.jpg 1365w, https:\/\/www.leeb-balkone.com\/app\/uploads\/2026\/08\/roswitha-leeb-portrait-2026-3-scaled.jpg 1707w\" sizes=\"auto, (max-width: 683px) 100vw, 683px\" \/><\/figure>\n\n\n\n<div class=\"wp-block-group is-vertical is-content-justification-center is-layout-flex wp-container-core-group-is-layout-d1f5edd6 wp-block-group-is-layout-flex\" style=\"margin-top:0;margin-bottom:0\">\n<p class=\"has-text-align-center wp-block-paragraph\"><strong>Roswitha Leeb<\/strong><\/p>\n\n\n\n<p class=\"has-step-xs-font-size wp-block-paragraph\">Kaufm\u00e4nnische Leitung<\/p>\n<\/div>\n<\/div>\n\n\n\n<div class=\"wp-block-group is-vertical is-content-justification-center is-layout-flex wp-container-core-group-is-layout-49d602be wp-block-group-is-layout-flex\">\n<figure class=\"wp-block-image size-full has-custom-border\"><img loading=\"lazy\" decoding=\"async\" width=\"2560\" height=\"2560\" src=\"https:\/\/www.leeb-balkone.com\/app\/uploads\/2026\/04\/Alexander-Ertl-edited-scaled.jpg\" alt=\"Alexander Ertl edited\" class=\"wp-image-167361\" style=\"border-radius:100%;aspect-ratio:1;object-fit:cover\" srcset=\"https:\/\/www.leeb-balkone.com\/app\/uploads\/2026\/04\/Alexander-Ertl-edited-scaled.jpg 2560w, https:\/\/www.leeb-balkone.com\/app\/uploads\/2026\/04\/Alexander-Ertl-edited-300x300.jpg 300w, https:\/\/www.leeb-balkone.com\/app\/uploads\/2026\/04\/Alexander-Ertl-edited-1024x1024.jpg 1024w, https:\/\/www.leeb-balkone.com\/app\/uploads\/2026\/04\/Alexander-Ertl-edited-150x150.jpg 150w, https:\/\/www.leeb-balkone.com\/app\/uploads\/2026\/04\/Alexander-Ertl-edited-768x768.jpg 768w, https:\/\/www.leeb-balkone.com\/app\/uploads\/2026\/04\/Alexander-Ertl-edited-1536x1536.jpg 1536w, https:\/\/www.leeb-balkone.com\/app\/uploads\/2026\/04\/Alexander-Ertl-edited-2048x2048.jpg 2048w\" sizes=\"auto, (max-width: 2560px) 100vw, 2560px\" \/><\/figure>\n\n\n\n<div class=\"wp-block-group is-vertical is-content-justification-center is-layout-flex wp-container-core-group-is-layout-d1f5edd6 wp-block-group-is-layout-flex\" style=\"margin-top:0;margin-bottom:0\">\n<p class=\"has-text-align-center wp-block-paragraph\"><strong>Alexander Ertl <\/strong><\/p>\n\n\n\n<p class=\"has-step-xs-font-size wp-block-paragraph\">Gesch\u00e4ftsf\u00fchrung<\/p>\n<\/div>\n<\/div>\n<\/div>\n<\/div>\n<\/section>\n<\/div>\n\n\n\n<section id=\"bewerbung\" class=\"wp-block-cgb-t3-section-block alignfull b-pt-none\" style=\"display:inherit;background-color:#F5F5F5;min-height:inherit\">\n<div class=\"wp-block-cgb-t3-container-block b-has-offset-h\" style=\"background-color:none\"><div class=\"grid-container\"><div class=\"grid-x\"><div class=\"cell small-12 medium-6 large-0 medium-offset-1\">\n<h2 id=\"kontaktieren-sie-uns\" class=\"wp-block-heading\">Jetzt bewerben<\/h2>\n<\/div><\/div><\/div><\/div>\n\n\n\n<div class=\"wp-block-cgb-t3-container-block none b-has-pt\" style=\"background-color:none\"><div class=\"grid-container\">\n<div class=\"wp-block-columns is-layout-flex wp-container-core-columns-is-layout-241f8441 wp-block-columns-is-layout-flex\">\n<div class=\"wp-block-column is-layout-flow wp-block-column-is-layout-flow\"><\/div>\n\n\n\n<div class=\"wp-block-column is-layout-flow wp-block-column-is-layout-flow\"><\/div>\n<\/div>\n\n\n\n<div class=\"wp-block-group has-global-padding is-layout-constrained wp-container-core-group-is-layout-fe68f4a3 wp-block-group-is-layout-constrained\">\n<div class=\"wp-block-columns is-layout-flex wp-container-core-columns-is-layout-241f8441 wp-block-columns-is-layout-flex\">\n<div class=\"wp-block-column is-layout-flow wp-block-column-is-layout-flow\" style=\"flex-basis:66.66%\"><form action=\"https:\/\/www.leeb-balkone.com\/at\/wp-json\/ws-form\/v1\/submit\" class=\"wsf-form wsf-form-canvas\" id=\"ws-form-1\" data-id=\"6\" data-instance-id=\"1\" method=\"POST\"><\/form><\/div>\n\n\n\n<div class=\"wp-block-column is-layout-flow wp-block-column-is-layout-flow\" style=\"flex-basis:33.33%\">\n<p class=\"wp-block-paragraph\"><\/p>\n<\/div>\n<\/div>\n<\/div>\n<\/div><\/div>\n<\/section>\n\n\n\n<p class=\"wp-block-paragraph\"><\/p>\n","protected":false},"excerpt":{"rendered":"","protected":false},"featured_media":173369,"menu_order":0,"template":"template-onepager.blade.php","format":"standard","meta":{"_acf_changed":false,"footnotes":"","_sage_theme_css":true,"_wp_block_core_css":true},"job_category":[],"class_list":["post-173368","jobs","type-jobs","status-publish","format-standard","has-post-thumbnail","hentry"],"acf":[],"yoast_head":"<!-- This site is optimized with the Yoast SEO plugin v27.9 - https:\/\/yoast.com\/product\/yoast-seo-wordpress\/ -->\n<title>Personalverrechner\/in - Leeb Balkone \u00d6sterreich<\/title>\n<meta name=\"description\" content=\"(m\/w\/d) Du arbeitest gerne genau, beh\u00e4ltst auch bei komplexen Abrechnungen den \u00dcberblick und hast zugleich Freude am Austausch mit Menschen? Dann erwartet\" \/>\n<meta name=\"robots\" content=\"index, follow, max-snippet:-1, max-image-preview:large, max-video-preview:-1\" \/>\n<meta property=\"og:locale\" content=\"de_AT\" \/>\n<meta property=\"og:type\" content=\"article\" \/>\n<meta property=\"og:title\" content=\"Personalverrechner\/in - Leeb Balkone\" \/>\n<meta property=\"og:description\" content=\"(m\/w\/d) Du arbeitest gerne genau, beh\u00e4ltst auch bei komplexen Abrechnungen den \u00dcberblick und hast zugleich Freude am Austausch mit Menschen? Dann erwartet\" \/>\n<meta property=\"og:url\" content=\"https:\/\/www.leeb-balkone.com\/at\/jobs\/personalverrechner-in\/\" \/>\n<meta property=\"og:site_name\" content=\"Leeb Balkone\" \/>\n<meta property=\"article:publisher\" content=\"https:\/\/www.facebook.com\/balkone\/\" \/>\n<meta property=\"article:modified_time\" content=\"2026-08-28T08:33:15+00:00\" \/>\n<meta property=\"og:image\" content=\"https:\/\/www.leeb-balkone.com\/app\/uploads\/2026\/08\/chatgpt-image-26.-aug.-2026-13_30_11.png\" \/>\n\t<meta property=\"og:image:width\" content=\"1672\" \/>\n\t<meta property=\"og:image:height\" content=\"941\" \/>\n\t<meta property=\"og:image:type\" content=\"image\/png\" \/>\n<meta name=\"twitter:card\" content=\"summary_large_image\" \/>\n<script type=\"application\/ld+json\" class=\"yoast-schema-graph\">{\"@context\":\"https:\\\/\\\/schema.org\",\"@graph\":[{\"@type\":\"WebPage\",\"@id\":\"https:\\\/\\\/www.leeb-balkone.com\\\/at\\\/jobs\\\/personalverrechner-in\\\/\",\"url\":\"https:\\\/\\\/www.leeb-balkone.com\\\/at\\\/jobs\\\/personalverrechner-in\\\/\",\"name\":\"Personalverrechner\\\/in - Leeb Balkone\",\"isPartOf\":{\"@id\":\"https:\\\/\\\/www.leeb-balkone.com\\\/at\\\/#website\"},\"primaryImageOfPage\":{\"@id\":\"https:\\\/\\\/www.leeb-balkone.com\\\/at\\\/jobs\\\/personalverrechner-in\\\/#primaryimage\"},\"image\":{\"@id\":\"https:\\\/\\\/www.leeb-balkone.com\\\/at\\\/jobs\\\/personalverrechner-in\\\/#primaryimage\"},\"thumbnailUrl\":\"https:\\\/\\\/www.leeb-balkone.com\\\/app\\\/uploads\\\/2026\\\/08\\\/chatgpt-image-26.-aug.-2026-13_30_11.png\",\"datePublished\":\"2026-08-26T11:57:05+00:00\",\"dateModified\":\"2026-08-28T08:33:15+00:00\",\"description\":\"(m\\\/w\\\/d) Du arbeitest gerne genau, beh\u00e4ltst auch bei komplexen Abrechnungen den \u00dcberblick und hast zugleich Freude am Austausch mit Menschen? Dann erwartet\",\"breadcrumb\":{\"@id\":\"https:\\\/\\\/www.leeb-balkone.com\\\/at\\\/jobs\\\/personalverrechner-in\\\/#breadcrumb\"},\"inLanguage\":\"de-AT\",\"potentialAction\":[{\"@type\":\"ReadAction\",\"target\":[\"https:\\\/\\\/www.leeb-balkone.com\\\/at\\\/jobs\\\/personalverrechner-in\\\/\"]}]},{\"@type\":\"ImageObject\",\"inLanguage\":\"de-AT\",\"@id\":\"https:\\\/\\\/www.leeb-balkone.com\\\/at\\\/jobs\\\/personalverrechner-in\\\/#primaryimage\",\"url\":\"https:\\\/\\\/www.leeb-balkone.com\\\/app\\\/uploads\\\/2026\\\/08\\\/chatgpt-image-26.-aug.-2026-13_30_11.png\",\"contentUrl\":\"https:\\\/\\\/www.leeb-balkone.com\\\/app\\\/uploads\\\/2026\\\/08\\\/chatgpt-image-26.-aug.-2026-13_30_11.png\",\"width\":1672,\"height\":941},{\"@type\":\"BreadcrumbList\",\"@id\":\"https:\\\/\\\/www.leeb-balkone.com\\\/at\\\/jobs\\\/personalverrechner-in\\\/#breadcrumb\",\"itemListElement\":[{\"@type\":\"ListItem\",\"position\":1,\"name\":\"Home\",\"item\":\"https:\\\/\\\/www.leeb-balkone.com\\\/at\\\/\"},{\"@type\":\"ListItem\",\"position\":2,\"name\":\"Personalverrechner\\\/in\"}]},{\"@type\":\"WebSite\",\"@id\":\"https:\\\/\\\/www.leeb-balkone.com\\\/at\\\/#website\",\"url\":\"https:\\\/\\\/www.leeb-balkone.com\\\/at\\\/\",\"name\":\"Leeb Balkone\",\"description\":\"Balkone und Z\u00e4une\",\"publisher\":{\"@id\":\"https:\\\/\\\/www.leeb-balkone.com\\\/at\\\/#organization\"},\"potentialAction\":[{\"@type\":\"SearchAction\",\"target\":{\"@type\":\"EntryPoint\",\"urlTemplate\":\"https:\\\/\\\/www.leeb-balkone.com\\\/at\\\/?s={search_term_string}\"},\"query-input\":{\"@type\":\"PropertyValueSpecification\",\"valueRequired\":true,\"valueName\":\"search_term_string\"}}],\"inLanguage\":\"de-AT\"},{\"@type\":\"Organization\",\"@id\":\"https:\\\/\\\/www.leeb-balkone.com\\\/at\\\/#organization\",\"name\":\"Leeb Balkone \u00d6sterreich\",\"url\":\"https:\\\/\\\/www.leeb-balkone.com\\\/at\\\/\",\"logo\":{\"@type\":\"ImageObject\",\"inLanguage\":\"de-AT\",\"@id\":\"https:\\\/\\\/www.leeb-balkone.com\\\/at\\\/#\\\/schema\\\/logo\\\/image\\\/\",\"url\":\"https:\\\/\\\/www.leeb-balkone.com\\\/app\\\/uploads\\\/2020\\\/11\\\/leeb-logo.svg?ver=1781694284\",\"contentUrl\":\"https:\\\/\\\/www.leeb-balkone.com\\\/app\\\/uploads\\\/2020\\\/11\\\/leeb-logo.svg?ver=1781694284\",\"width\":741,\"height\":204,\"caption\":\"Leeb Balkone Gmbh\"},\"image\":{\"@id\":\"https:\\\/\\\/www.leeb-balkone.com\\\/at\\\/#\\\/schema\\\/logo\\\/image\\\/\"},\"sameAs\":[\"https:\\\/\\\/www.facebook.com\\\/balkone\\\/\",\"https:\\\/\\\/www.instagram.com\\\/leeb_balkone\\\/\",\"https:\\\/\\\/www.youtube.com\\\/channel\\\/UCIthPeoOLCeQZjGnyJ3myTg\",\"https:\\\/\\\/www.linkedin.com\\\/company\\\/leeb-balkone\\\/\",\"https:\\\/\\\/www.pinterest.com\\\/leeb_balkone\\\/\",\"https:\\\/\\\/www.tiktok.com\\\/@leeb.balkone\",\"https:\\\/\\\/oesterreichwiki.org\\\/wiki\\\/Leeb_Balkone\",\"https:\\\/\\\/de.wikipedia.org\\\/wiki\\\/Gnesau\"],\"legalName\":\"Leeb Balkone GmbH\",\"alternateName\":\"Leeb Balkone\"}]}<\/script>\n<!-- \/ Yoast SEO plugin. -->","yoast_head_json":{"title":"Personalverrechner\/in - Leeb Balkone \u00d6sterreich","description":"(m\/w\/d) Du arbeitest gerne genau, beh\u00e4ltst auch bei komplexen Abrechnungen den \u00dcberblick und hast zugleich Freude am Austausch mit Menschen? Dann erwartet","robots":{"index":"index","follow":"follow","max-snippet":"max-snippet:-1","max-image-preview":"max-image-preview:large","max-video-preview":"max-video-preview:-1"},"og_locale":"de_AT","og_type":"article","og_title":"Personalverrechner\/in - Leeb Balkone","og_description":"(m\/w\/d) Du arbeitest gerne genau, beh\u00e4ltst auch bei komplexen Abrechnungen den \u00dcberblick und hast zugleich Freude am Austausch mit Menschen? Dann erwartet","og_url":"https:\/\/www.leeb-balkone.com\/at\/jobs\/personalverrechner-in\/","og_site_name":"Leeb Balkone","article_publisher":"https:\/\/www.facebook.com\/balkone\/","article_modified_time":"2026-08-28T08:33:15+00:00","og_image":[{"width":1672,"height":941,"url":"https:\/\/www.leeb-balkone.com\/app\/uploads\/2026\/08\/chatgpt-image-26.-aug.-2026-13_30_11.png","type":"image\/png"}],"twitter_card":"summary_large_image","schema":{"@context":"https:\/\/schema.org","@graph":[{"@type":"WebPage","@id":"https:\/\/www.leeb-balkone.com\/at\/jobs\/personalverrechner-in\/","url":"https:\/\/www.leeb-balkone.com\/at\/jobs\/personalverrechner-in\/","name":"Personalverrechner\/in - Leeb Balkone","isPartOf":{"@id":"https:\/\/www.leeb-balkone.com\/at\/#website"},"primaryImageOfPage":{"@id":"https:\/\/www.leeb-balkone.com\/at\/jobs\/personalverrechner-in\/#primaryimage"},"image":{"@id":"https:\/\/www.leeb-balkone.com\/at\/jobs\/personalverrechner-in\/#primaryimage"},"thumbnailUrl":"https:\/\/www.leeb-balkone.com\/app\/uploads\/2026\/08\/chatgpt-image-26.-aug.-2026-13_30_11.png","datePublished":"2026-08-26T11:57:05+00:00","dateModified":"2026-08-28T08:33:15+00:00","description":"(m\/w\/d) Du arbeitest gerne genau, beh\u00e4ltst auch bei komplexen Abrechnungen den \u00dcberblick und hast zugleich Freude am Austausch mit Menschen? Dann erwartet","breadcrumb":{"@id":"https:\/\/www.leeb-balkone.com\/at\/jobs\/personalverrechner-in\/#breadcrumb"},"inLanguage":"de-AT","potentialAction":[{"@type":"ReadAction","target":["https:\/\/www.leeb-balkone.com\/at\/jobs\/personalverrechner-in\/"]}]},{"@type":"ImageObject","inLanguage":"de-AT","@id":"https:\/\/www.leeb-balkone.com\/at\/jobs\/personalverrechner-in\/#primaryimage","url":"https:\/\/www.leeb-balkone.com\/app\/uploads\/2026\/08\/chatgpt-image-26.-aug.-2026-13_30_11.png","contentUrl":"https:\/\/www.leeb-balkone.com\/app\/uploads\/2026\/08\/chatgpt-image-26.-aug.-2026-13_30_11.png","width":1672,"height":941},{"@type":"BreadcrumbList","@id":"https:\/\/www.leeb-balkone.com\/at\/jobs\/personalverrechner-in\/#breadcrumb","itemListElement":[{"@type":"ListItem","position":1,"name":"Home","item":"https:\/\/www.leeb-balkone.com\/at\/"},{"@type":"ListItem","position":2,"name":"Personalverrechner\/in"}]},{"@type":"WebSite","@id":"https:\/\/www.leeb-balkone.com\/at\/#website","url":"https:\/\/www.leeb-balkone.com\/at\/","name":"Leeb Balkone","description":"Balkone und Z\u00e4une","publisher":{"@id":"https:\/\/www.leeb-balkone.com\/at\/#organization"},"potentialAction":[{"@type":"SearchAction","target":{"@type":"EntryPoint","urlTemplate":"https:\/\/www.leeb-balkone.com\/at\/?s={search_term_string}"},"query-input":{"@type":"PropertyValueSpecification","valueRequired":true,"valueName":"search_term_string"}}],"inLanguage":"de-AT"},{"@type":"Organization","@id":"https:\/\/www.leeb-balkone.com\/at\/#organization","name":"Leeb Balkone \u00d6sterreich","url":"https:\/\/www.leeb-balkone.com\/at\/","logo":{"@type":"ImageObject","inLanguage":"de-AT","@id":"https:\/\/www.leeb-balkone.com\/at\/#\/schema\/logo\/image\/","url":"https:\/\/www.leeb-balkone.com\/app\/uploads\/2020\/11\/leeb-logo.svg?ver=1781694284","contentUrl":"https:\/\/www.leeb-balkone.com\/app\/uploads\/2020\/11\/leeb-logo.svg?ver=1781694284","width":741,"height":204,"caption":"Leeb Balkone Gmbh"},"image":{"@id":"https:\/\/www.leeb-balkone.com\/at\/#\/schema\/logo\/image\/"},"sameAs":["https:\/\/www.facebook.com\/balkone\/","https:\/\/www.instagram.com\/leeb_balkone\/","https:\/\/www.youtube.com\/channel\/UCIthPeoOLCeQZjGnyJ3myTg","https:\/\/www.linkedin.com\/company\/leeb-balkone\/","https:\/\/www.pinterest.com\/leeb_balkone\/","https:\/\/www.tiktok.com\/@leeb.balkone","https:\/\/oesterreichwiki.org\/wiki\/Leeb_Balkone","https:\/\/de.wikipedia.org\/wiki\/Gnesau"],"legalName":"Leeb Balkone GmbH","alternateName":"Leeb Balkone"}]}},"_links":{"self":[{"href":"https:\/\/www.leeb-balkone.com\/at\/wp-json\/wp\/v2\/jobs\/173368","targetHints":{"allow":["GET"]}}],"collection":[{"href":"https:\/\/www.leeb-balkone.com\/at\/wp-json\/wp\/v2\/jobs"}],"about":[{"href":"https:\/\/www.leeb-balkone.com\/at\/wp-json\/wp\/v2\/types\/jobs"}],"version-history":[{"count":3,"href":"https:\/\/www.leeb-balkone.com\/at\/wp-json\/wp\/v2\/jobs\/173368\/revisions"}],"predecessor-version":[{"id":173384,"href":"https:\/\/www.leeb-balkone.com\/at\/wp-json\/wp\/v2\/jobs\/173368\/revisions\/173384"}],"wp:featuredmedia":[{"embeddable":true,"href":"https:\/\/www.leeb-balkone.com\/at\/wp-json\/wp\/v2\/media\/173369"}],"wp:attachment":[{"href":"https:\/\/www.leeb-balkone.com\/at\/wp-json\/wp\/v2\/media?parent=173368"}],"wp:term":[{"taxonomy":"job_category","embeddable":true,"href":"https:\/\/www.leeb-balkone.com\/at\/wp-json\/wp\/v2\/job_category?post=173368"}],"curies":[{"name":"wp","href":"https:\/\/api.w.org\/{rel}","templated":true}]}}