{"id":158468,"date":"2025-10-07T13:37:45","date_gmt":"2025-10-07T13:37:45","guid":{"rendered":"https:\/\/www.leeb-balkone.com\/de\/jobs\/lehrlinge-m-w-2\/"},"modified":"2025-10-07T14:34:58","modified_gmt":"2025-10-07T14:34:58","slug":"lehrlinge-m-w","status":"publish","type":"jobs","link":"https:\/\/www.leeb-balkone.com\/at\/jobs\/lehrlinge-m-w-2\/","title":{"rendered":"Lehrstellen bei Leeb"},"content":{"rendered":"\n<div class=\"wp-block-group alignfull is-layout-flow wp-container-core-group-is-layout-a77db08e wp-block-group-is-layout-flow\">\n<div class=\"wp-block-cover alignfull has-custom-content-position is-position-bottom-center has-white-color has-text-color has-link-color wp-elements-779adc1c204be67baa79dc0f181ae798\" style=\"padding-right:0;padding-bottom:var(--wp--preset--spacing--2-xl);padding-left:0;min-height:80vh;aspect-ratio:unset;\"><img loading=\"lazy\" decoding=\"async\" width=\"1707\" height=\"2560\" class=\"wp-block-cover__image-background wp-image-158440 size-full\" alt=\"Lehrlingsbilder 2025 Website\" src=\"https:\/\/www.leeb-balkone.com\/app\/uploads\/2025\/10\/Lehrlingsbilder-2025-Website-4-scaled.jpg\" style=\"object-position:47% 58%\" data-object-fit=\"cover\" data-object-position=\"47% 58%\" srcset=\"https:\/\/www.leeb-balkone.com\/app\/uploads\/2025\/10\/Lehrlingsbilder-2025-Website-4-scaled.jpg 1707w, https:\/\/www.leeb-balkone.com\/app\/uploads\/2025\/10\/Lehrlingsbilder-2025-Website-4-200x300.jpg 200w, https:\/\/www.leeb-balkone.com\/app\/uploads\/2025\/10\/Lehrlingsbilder-2025-Website-4-683x1024.jpg 683w, https:\/\/www.leeb-balkone.com\/app\/uploads\/2025\/10\/Lehrlingsbilder-2025-Website-4-768x1152.jpg 768w, https:\/\/www.leeb-balkone.com\/app\/uploads\/2025\/10\/Lehrlingsbilder-2025-Website-4-1024x1536.jpg 1024w, https:\/\/www.leeb-balkone.com\/app\/uploads\/2025\/10\/Lehrlingsbilder-2025-Website-4-1366x2048.jpg 1366w\" sizes=\"auto, (max-width: 1707px) 100vw, 1707px\" \/><span aria-hidden=\"true\" class=\"wp-block-cover__background has-background-dim-70 has-background-dim wp-block-cover__gradient-background has-background-gradient\" style=\"background:linear-gradient(179deg,rgba(0,0,0,0) 0%,rgb(0,0,0) 73%)\"><\/span><div class=\"wp-block-cover__inner-container has-global-padding is-layout-constrained wp-container-core-cover-is-layout-fe0db480 wp-block-cover-is-layout-constrained\">\n<div class=\"wp-block-group has-global-padding is-content-justification-left is-layout-constrained wp-container-core-group-is-layout-a250a9f9 wp-block-group-is-layout-constrained\" style=\"padding-right:0;padding-left:0\">\n<div class=\"wp-block-group is-vertical is-layout-flex wp-container-core-group-is-layout-264474f9 wp-block-group-is-layout-flex\"><h1 class=\"wp-block-post-title\">Lehrstellen bei Leeb<\/h1>\n\n\n<p><span class=\"uppercase\"><strong>(m\/w\/d)<\/strong><\/span><\/p>\n<\/div>\n\n\n\n<p><span class=\"teaser\">Jedes Jahr sind wir auf der Suche nach neuen Talenten und erm\u00f6glichen Lehrlingen eine bestm\u00f6gliche und zukunftssichere Ausbildung! <\/span><\/p>\n\n\n\n<div class=\"wp-block-buttons is-layout-flex wp-block-buttons-is-layout-flex\">\n<div class=\"wp-block-button\"><a class=\"wp-block-button__link wp-element-button\" href=\"#bewerbung\">Jetzt bewerben<\/a><\/div>\n\n\n\n<div class=\"wp-block-button is-style-outline-white smooth-scroll\"><a class=\"wp-block-button__link wp-element-button\" href=\"#benefits\">Deine Benefits<\/a><\/div>\n<\/div>\n<\/div>\n<\/div><\/div>\n\n\n\n<section class=\"wp-block-group alignfull has-white-background-color has-background has-global-padding is-layout-constrained wp-container-core-group-is-layout-58d99300 wp-block-group-is-layout-constrained\" style=\"padding-top:var(--wp--preset--spacing--xl);padding-bottom:var(--wp--preset--spacing--2-xl)\">\n<div class=\"wp-block-group breadcrumb has-global-padding is-layout-constrained wp-container-core-group-is-layout-cf8232cb wp-block-group-is-layout-constrained\">\n<div class=\"wp-block-group is-layout-flow wp-block-group-is-layout-flow\" style=\"padding-bottom:var(--wp--preset--spacing--xl)\">\n<span><span><a href=\"https:\/\/www.leeb-balkone.com\/at\/\">Home<\/a><\/span><\/span>\n<\/div>\n<\/div>\n\n\n\n<div class=\"wp-block-group is-layout-grid wp-container-core-group-is-layout-68c8b414 wp-block-group-is-layout-grid\" style=\"margin-top:0\">\n<div class=\"wp-block-group t3-job-facts has-light-gray-background-color has-background wp-container-content-725258bd is-vertical is-content-justification-center is-layout-flex wp-container-core-group-is-layout-2109e5e0 wp-block-group-is-layout-flex\" style=\"padding-top:var(--wp--preset--spacing--m);padding-right:var(--wp--preset--spacing--s);padding-bottom:var(--wp--preset--spacing--m);padding-left:var(--wp--preset--spacing--s)\">\n<figure class=\"wp-block-image aligncenter size-full is-resized\"><img loading=\"lazy\" decoding=\"async\" width=\"32\" height=\"32\" src=\"https:\/\/www.leeb-balkone.com\/app\/uploads\/2025\/03\/clock.svg\" alt=\"clock\" class=\"wp-image-145627\" style=\"width:32px\"\/><\/figure>\n\n\n\n<div class=\"wp-block-group is-vertical is-content-justification-center is-layout-flex wp-container-core-group-is-layout-a24e3638 wp-block-group-is-layout-flex\">\n<p class=\"has-text-align-center has-step-xs-font-size\">Arbeitsmodell<\/p>\n\n\n\n<p class=\"has-text-align-center has-step-05-font-size\"><strong>Vollzeit<\/strong><\/p>\n<\/div>\n<\/div>\n\n\n\n<div class=\"wp-block-group t3-job-facts has-light-gray-background-color has-background wp-container-content-725258bd is-vertical is-content-justification-center is-layout-flex wp-container-core-group-is-layout-2109e5e0 wp-block-group-is-layout-flex\" style=\"padding-top:var(--wp--preset--spacing--m);padding-right:var(--wp--preset--spacing--s);padding-bottom:var(--wp--preset--spacing--m);padding-left:var(--wp--preset--spacing--s)\">\n<figure class=\"wp-block-image aligncenter size-full is-resized\"><img loading=\"lazy\" decoding=\"async\" width=\"32\" height=\"32\" src=\"https:\/\/www.leeb-balkone.com\/app\/uploads\/2025\/03\/calendar.svg\" alt=\"calendar\" class=\"wp-image-145622\" style=\"width:32px\"\/><\/figure>\n\n\n\n<div class=\"wp-block-group is-vertical is-content-justification-center is-layout-flex wp-container-core-group-is-layout-a24e3638 wp-block-group-is-layout-flex\">\n<p class=\"has-text-align-center has-step-xs-font-size\">Start<\/p>\n\n\n\n<p class=\"has-text-align-center has-step-05-font-size\"><strong>j\u00e4hrlich ab August<\/strong><\/p>\n<\/div>\n<\/div>\n\n\n\n<div class=\"wp-block-group t3-job-facts has-light-gray-background-color has-background wp-container-content-725258bd is-vertical is-content-justification-center is-layout-flex wp-container-core-group-is-layout-2109e5e0 wp-block-group-is-layout-flex\" style=\"padding-top:var(--wp--preset--spacing--m);padding-right:var(--wp--preset--spacing--s);padding-bottom:var(--wp--preset--spacing--m);padding-left:var(--wp--preset--spacing--s)\">\n<figure class=\"wp-block-image aligncenter size-full is-resized\"><img loading=\"lazy\" decoding=\"async\" width=\"32\" height=\"32\" src=\"https:\/\/www.leeb-balkone.com\/app\/uploads\/2025\/03\/tools.svg\" alt=\"tools\" class=\"wp-image-145642\" style=\"width:32px\"\/><\/figure>\n\n\n\n<div class=\"wp-block-group is-vertical is-content-justification-center is-layout-flex wp-container-core-group-is-layout-a24e3638 wp-block-group-is-layout-flex\">\n<p class=\"has-text-align-center has-step-xs-font-size\">Kollektivvertrag<\/p>\n\n\n\n<p class=\"has-text-align-center has-step-05-font-size\"><strong>Metallindustrie<\/strong><\/p>\n<\/div>\n<\/div>\n\n\n\n<div class=\"wp-block-group t3-job-facts has-light-gray-background-color has-background wp-container-content-725258bd is-vertical is-content-justification-center is-layout-flex wp-container-core-group-is-layout-2109e5e0 wp-block-group-is-layout-flex\" style=\"padding-top:var(--wp--preset--spacing--m);padding-right:var(--wp--preset--spacing--s);padding-bottom:var(--wp--preset--spacing--m);padding-left:var(--wp--preset--spacing--s)\">\n<figure class=\"wp-block-image aligncenter size-full is-resized\"><img loading=\"lazy\" decoding=\"async\" width=\"32\" height=\"32\" src=\"https:\/\/www.leeb-balkone.com\/app\/uploads\/2025\/03\/pin.svg\" alt=\"pin\" class=\"wp-image-145637\" style=\"width:32px\"\/><\/figure>\n\n\n\n<div class=\"wp-block-group is-vertical is-content-justification-center is-layout-flex wp-container-core-group-is-layout-a24e3638 wp-block-group-is-layout-flex\">\n<p class=\"has-text-align-center has-step-xs-font-size\">Arbeitsort<\/p>\n\n\n\n<p class=\"has-text-align-center has-step-05-font-size\"><strong>9563 Gnesau<\/strong><\/p>\n<\/div>\n<\/div>\n\n\n\n<div class=\"wp-block-group t3-job-facts has-light-gray-background-color has-background wp-container-content-725258bd is-vertical is-content-justification-center is-layout-flex wp-container-core-group-is-layout-2109e5e0 wp-block-group-is-layout-flex\" style=\"padding-top:var(--wp--preset--spacing--m);padding-right:var(--wp--preset--spacing--s);padding-bottom:var(--wp--preset--spacing--m);padding-left:var(--wp--preset--spacing--s)\">\n<figure class=\"wp-block-image aligncenter size-full is-resized\"><img loading=\"lazy\" decoding=\"async\" width=\"32\" height=\"32\" src=\"https:\/\/www.leeb-balkone.com\/app\/uploads\/2025\/03\/coin.svg\" alt=\"coin\" class=\"wp-image-145632\" style=\"width:32px\"\/><\/figure>\n\n\n\n<div class=\"wp-block-group is-vertical is-content-justification-center is-layout-flex wp-container-core-group-is-layout-a24e3638 wp-block-group-is-layout-flex\">\n<p class=\"has-text-align-center has-step-xs-font-size\">Gehalt mind.<\/p>\n\n\n\n<p class=\"has-text-align-center has-step-05-font-size\"><strong>ab<\/strong> <strong>EUR 1.071,- brutto<\/strong><\/p>\n<\/div>\n<\/div>\n<\/div>\n\n\n\n<div class=\"wp-block-group has-global-padding is-layout-constrained wp-container-core-group-is-layout-e40817b5 wp-block-group-is-layout-constrained\" style=\"padding-top:var(--wp--preset--spacing--xl)\">\n<p>Wir investieren nicht nur in h\u00f6chste Qualit\u00e4t bei unseren Produkten, sondern auch in die Ausbildung der Fachkr\u00e4fte von morgen. Junge Menschen erwartet nicht nur eine fundierte, praxisnahe Ausbildung, sondern auch ein modernes Arbeitsumfeld mit vielversprechenden Perspektiven. <\/p>\n\n\n\n<p>State-of-the-Art-Maschinen, digitale IT-Systeme und bestens ausgestattete Arbeitspl\u00e4tze sorgen daf\u00fcr, dass die Lehrlinge schon w\u00e4hrend ihrer Ausbildung mit den Technologien arbeiten, die in der Branche Standards setzen. Pers\u00f6nliche Betreuung, Weiterbildungsm\u00f6glichkeiten und der Teamgeist eines Familienunternehmens runden das Ausbildungsangebot ab.<\/p>\n\n\n\n<div class=\"wp-block-group is-layout-flow wp-block-group-is-layout-flow\">\n<h2 class=\"wp-block-heading has-step-1-font-size\">Drei Lehrberufe mit Zukunft <\/h2>\n\n\n\n<ul class=\"wp-block-list is-style-checkmark-2\">\n<li><strong>Metalltechnik (m\/w\/d)<\/strong> <strong>&#8211; Lehrzeit 3,5 Jahre &#8211;<\/strong> Hier dreht sich alles um die Be &#8211; und Verarbeitung von Aluminium und Metall. Lehrlinge \u00fcben den Umgang mit modernsten Maschinen, erlernen Schwei\u00df- und Montagetechniken sowie metall-verarbeitende Verfahren (Schwei\u00dfen, Fr\u00e4sen, Bohren, Nieten, etc.). Pr\u00e4zision und handwerkliches Geschick stehen im Mittelpunkt. In diesem Lehrberuf bekommt man \u00fcberdies hinaus einen umfassenden Einblick in alle anderen Produktions-bereiche sowie die Montage.<\/li>\n\n\n\n<li><strong>Oberfl\u00e4chentechnik (m\/w\/d)<\/strong> <strong>&#8211; Lehrzeit 3,5 Jahre &#8211;<\/strong> In diesem Lehrberuf geht es um die Veredelung von Materialien. Man lernt, wie Metall- und Aluminiumteile behandelt, beschichtet und gesch\u00fctzt werden, damit sie langlebig und wetter-best\u00e4ndig bleiben. Dabei kommen moderne Verfahren und innovative Technologien zum Einsatz, die h\u00f6chste Qualit\u00e4tsstandards garantieren.<\/li>\n\n\n\n<li><strong>Technischer Zeichner (m\/w\/d)<\/strong> <strong>&#8211; Lehrzeit 3,5 Jahre &#8211;<\/strong> Dieser Beruf bildet die Schnittstelle zwischen Planung und Produktion. Lehrlinge erstellen 2D und 3D Zeichnungen (AutoCAD und Solid Works), arbeiten mit digitaler Planungstechnologie und setzen Kundenw\u00fcnsche in millimeter-genaue Pl\u00e4ne um. Damit schaffen sie die Grundlage f\u00fcr eine effiziente Fertigung und reibungslose Montage.<\/li>\n\n\n\n<li>Dar\u00fcber hinaus besteht auch die M\u00f6glichkeit einer <strong>Doppellehre (Metalltechnik und technischer Zeichner) <\/strong>mit einer Lehrzeit von 4 Jahren.<br><\/li>\n<\/ul>\n<\/div>\n\n\n\n<div class=\"wp-block-group is-layout-flow wp-block-group-is-layout-flow\">\n<h2 class=\"wp-block-heading has-step-1-font-size\">Das bieten wir Dir <\/h2>\n\n\n\n<p>Lehrlinge bei Leeb profitieren von zahlreichen Vorteilen, die weit \u00fcber die Ausbildung hinausgehen:<\/p>\n\n\n\n<ul class=\"wp-block-list is-style-checkmark-2\">\n<li><strong>Arbeitskleidung &amp; Ausstattung:<\/strong> Jeder Lehrling erh\u00e4lt zu Beginn eine komplette Grundausstattung, j\u00e4hrlich kommt ein Guthaben f\u00fcr neues Gewand dazu.<\/li>\n\n\n\n<li><strong>Mobilit\u00e4t:<\/strong> Eigene Bushaltestelle, Mitarbeiterbusse und abgestimmte \u00f6ffentliche Verbindungen sorgen f\u00fcr einen sicheren Arbeitsweg.<\/li>\n\n\n\n<li><strong>Schule &amp; Ausbildung:<\/strong> Die Berufsschule in Wolfsberg ist gut erreichbar, Internatskosten inkl. Verpflegung \u00fcbernimmt Leeb. Zus\u00e4tzlich gibt es Schulungen im GPS Villach, interne Kurse und Wettbewerbe.<\/li>\n\n\n\n<li><strong>Events &amp; Gemeinschaft:<\/strong> Lehrlingsausfl\u00fcge sowie After-Work-Aktivit\u00e4ten wie Eishockey oder Bergtouren f\u00f6rdern den Teamgeist.<\/li>\n\n\n\n<li><strong>Pr\u00e4mien &amp; Chancen:<\/strong> F\u00fcr gute Leistungen gibt es Pr\u00e4mien im Wert eines F\u00fchrerscheins. Auch Lehre mit Matura wird unterst\u00fctzt.<\/li>\n\n\n\n<li><strong>Karriere nach der Lehre:<\/strong> Ob Fertigung, Montage oder Fachabteilungen \u2013 Leeb bietet vielf\u00e4ltige Wege, sich weiterzuentwickeln.<\/li>\n\n\n\n<li>Nach der Lehre ist bei Leeb l\u00e4ngst nicht Schluss \u2013 im Gegenteil: Dann geht es erst so richtig los! W\u00e4hrend der Ausbildung kristallisieren sich die <strong>St\u00e4rken jedes einzelnen Lehrlings<\/strong> heraus. Dank der Unternehmensgr\u00f6\u00dfe gibt es bei Leeb <strong>zahlreiche Chancen, sich zu entfalten:<\/strong> Von der Produktion \u00fcber die Montage bis hin zu verschiedenen Fachabteilungen. Leeb unterst\u00fctzt seine Lehrlinge gerne dabei, ihren individuellen Weg einzuschlagen.<\/li>\n<\/ul>\n<\/div>\n\n\n\n<div class=\"wp-block-group is-layout-flow wp-block-group-is-layout-flow\">\n<h2 class=\"wp-block-heading has-step-1-font-size\">Einladung an Eltern &amp; Jugendliche<\/h2>\n\n\n\n<ul class=\"wp-block-list is-style-checkmark-2\">\n<li>Interessierte Jugendliche sind eingeladen, bei Schnuppertagen oder Praktika den Alltag bei Leeb kennenzulernen. Eltern k\u00f6nnen sich im Rahmen einer Betriebsf\u00fchrung selbst ein Bild von den Ausbildungsm\u00f6glichkeiten machen. Nach telefonischer Vereinbarung ist beides jederzeit m\u00f6glich.<\/li>\n<\/ul>\n<\/div>\n\n\n\n<div class=\"wp-block-buttons is-layout-flex wp-block-buttons-is-layout-flex\">\n<div class=\"wp-block-button\"><a class=\"wp-block-button__link wp-element-button\" href=\"#bewerbung\">Jetzt bewerben<\/a><\/div>\n<\/div>\n<\/div>\n<\/section>\n\n\n\n<section class=\"wp-block-group alignfull has-light-gray-background-color has-background has-global-padding is-layout-constrained wp-container-core-group-is-layout-e37a80b5 wp-block-group-is-layout-constrained\" id=\"benefits\" style=\"margin-top:0;margin-bottom:0;padding-top:var(--wp--preset--spacing--2-xl);padding-bottom:var(--wp--preset--spacing--2-xl)\">\n<div class=\"wp-block-group has-global-padding is-layout-constrained wp-container-core-group-is-layout-5cdcde31 wp-block-group-is-layout-constrained\" style=\"padding-bottom:var(--wp--preset--spacing--l)\">\n<div class=\"wp-block-columns is-layout-flex wp-container-core-columns-is-layout-f0342b05 wp-block-columns-is-layout-flex\" style=\"margin-top:0;margin-bottom:0\">\n<div class=\"wp-block-column is-vertically-aligned-bottom is-layout-flow wp-block-column-is-layout-flow\" style=\"flex-basis:66.66%\">\n<h2 class=\"wp-block-heading\">Deine Benefits<\/h2>\n<\/div>\n\n\n\n<div class=\"wp-block-column is-vertically-aligned-bottom is-layout-flow wp-block-column-is-layout-flow\" style=\"flex-basis:33.33%\">\n<div class=\"wp-block-buttons u-m-jc-left is-content-justification-right is-layout-flex wp-container-core-buttons-is-layout-c060c6c7 wp-block-buttons-is-layout-flex\">\n<div class=\"wp-block-button is-style-outline-secondary\"><a class=\"wp-block-button__link wp-element-button\" href=\"https:\/\/www.leeb-balkone.com\/at\/leeb-benefits-fuer-mitarbeiter\/\">Alle Benefits<\/a><\/div>\n<\/div>\n<\/div>\n<\/div>\n<\/div>\n\n\n\n<div class=\"wp-block-group is-layout-flow wp-block-group-is-layout-flow\" style=\"margin-top:0\">\n<div class=\"wp-block-group is-layout-grid wp-container-core-group-is-layout-7785d981 wp-block-group-is-layout-grid\">\n<div class=\"wp-block-group m-card benefits has-global-padding is-layout-constrained wp-block-group-is-layout-constrained\">\n<div class=\"wp-block-cover has-custom-content-position is-position-bottom-center\" style=\"padding-bottom:var(--wp--preset--spacing--m)\"><img loading=\"lazy\" decoding=\"async\" width=\"2560\" height=\"1707\" class=\"wp-block-cover__image-background wp-image-158445 size-full\" alt=\"Lehrlingsbilder 2025 Website\" src=\"https:\/\/www.leeb-balkone.com\/app\/uploads\/2025\/10\/Lehrlingsbilder-2025-Website-24-scaled.jpg\" data-object-fit=\"cover\" srcset=\"https:\/\/www.leeb-balkone.com\/app\/uploads\/2025\/10\/Lehrlingsbilder-2025-Website-24-scaled.jpg 2560w, https:\/\/www.leeb-balkone.com\/app\/uploads\/2025\/10\/Lehrlingsbilder-2025-Website-24-300x200.jpg 300w, https:\/\/www.leeb-balkone.com\/app\/uploads\/2025\/10\/Lehrlingsbilder-2025-Website-24-1024x683.jpg 1024w, https:\/\/www.leeb-balkone.com\/app\/uploads\/2025\/10\/Lehrlingsbilder-2025-Website-24-768x512.jpg 768w, https:\/\/www.leeb-balkone.com\/app\/uploads\/2025\/10\/Lehrlingsbilder-2025-Website-24-1536x1024.jpg 1536w, https:\/\/www.leeb-balkone.com\/app\/uploads\/2025\/10\/Lehrlingsbilder-2025-Website-24-2048x1366.jpg 2048w\" sizes=\"auto, (max-width: 2560px) 100vw, 2560px\" \/><span aria-hidden=\"true\" class=\"wp-block-cover__background has-background-dim wp-block-cover__gradient-background has-background-gradient\" style=\"background:linear-gradient(180deg,rgba(0,0,0,0) 0%,rgb(0,0,0) 53%)\"><\/span><div class=\"wp-block-cover__inner-container has-global-padding is-layout-constrained wp-block-cover-is-layout-constrained\">\n<div class=\"wp-block-group is-vertical is-layout-flex wp-container-core-group-is-layout-ad69fd43 wp-block-group-is-layout-flex\">\n<h3 class=\"wp-block-heading has-text-align-left has-step-2-font-size\"><span class=\"uppercase\">Arbeiten<\/span><br><span class=\"uppercase\">im Team<\/span><\/h3>\n\n\n\n<p class=\"has-step-s-font-size\">Gutes Arbeitsklima und Spa\u00df bei der Arbeit<\/p>\n<\/div>\n<\/div><\/div>\n<\/div>\n\n\n\n<div class=\"wp-block-group m-card benefits has-global-padding is-layout-constrained wp-block-group-is-layout-constrained\">\n<div class=\"wp-block-cover has-custom-content-position is-position-bottom-center\" style=\"padding-bottom:var(--wp--preset--spacing--m)\"><img loading=\"lazy\" decoding=\"async\" width=\"1707\" height=\"2560\" class=\"wp-block-cover__image-background wp-image-158450 size-full\" alt=\"Mitarbeiterbus 2025\" src=\"https:\/\/www.leeb-balkone.com\/app\/uploads\/2025\/10\/Mitarbeiterbus-2025-1-scaled.jpg\" data-object-fit=\"cover\" srcset=\"https:\/\/www.leeb-balkone.com\/app\/uploads\/2025\/10\/Mitarbeiterbus-2025-1-scaled.jpg 1707w, https:\/\/www.leeb-balkone.com\/app\/uploads\/2025\/10\/Mitarbeiterbus-2025-1-200x300.jpg 200w, https:\/\/www.leeb-balkone.com\/app\/uploads\/2025\/10\/Mitarbeiterbus-2025-1-683x1024.jpg 683w, https:\/\/www.leeb-balkone.com\/app\/uploads\/2025\/10\/Mitarbeiterbus-2025-1-768x1152.jpg 768w, https:\/\/www.leeb-balkone.com\/app\/uploads\/2025\/10\/Mitarbeiterbus-2025-1-1024x1536.jpg 1024w, https:\/\/www.leeb-balkone.com\/app\/uploads\/2025\/10\/Mitarbeiterbus-2025-1-1366x2048.jpg 1366w\" sizes=\"auto, (max-width: 1707px) 100vw, 1707px\" \/><span aria-hidden=\"true\" class=\"wp-block-cover__background has-background-dim wp-block-cover__gradient-background has-background-gradient\" style=\"background:linear-gradient(180deg,rgba(0,0,0,0) 0%,rgb(0,0,0) 53%)\"><\/span><div class=\"wp-block-cover__inner-container has-global-padding is-layout-constrained wp-block-cover-is-layout-constrained\">\n<div class=\"wp-block-group is-vertical is-layout-flex wp-container-core-group-is-layout-ad69fd43 wp-block-group-is-layout-flex\">\n<h3 class=\"wp-block-heading has-text-align-left has-step-2-font-size\">WERKVERKEHR<\/h3>\n\n\n\n<p class=\"has-step-s-font-size\">von Feldkirchen und Radenthein<\/p>\n<\/div>\n<\/div><\/div>\n<\/div>\n\n\n\n<div class=\"wp-block-group m-card benefits has-global-padding is-layout-constrained wp-block-group-is-layout-constrained\">\n<div class=\"wp-block-cover has-custom-content-position is-position-bottom-center\" style=\"padding-bottom:var(--wp--preset--spacing--m)\"><img loading=\"lazy\" decoding=\"async\" width=\"2560\" height=\"853\" class=\"wp-block-cover__image-background wp-image-158455 size-full\" alt=\"Erfolg\" src=\"https:\/\/www.leeb-balkone.com\/app\/uploads\/2025\/10\/Erfolg-scaled.jpeg\" style=\"object-position:72% 57%\" data-object-fit=\"cover\" data-object-position=\"72% 57%\" srcset=\"https:\/\/www.leeb-balkone.com\/app\/uploads\/2025\/10\/Erfolg-scaled.jpeg 2560w, https:\/\/www.leeb-balkone.com\/app\/uploads\/2025\/10\/Erfolg-300x100.jpeg 300w, https:\/\/www.leeb-balkone.com\/app\/uploads\/2025\/10\/Erfolg-1024x341.jpeg 1024w, https:\/\/www.leeb-balkone.com\/app\/uploads\/2025\/10\/Erfolg-768x256.jpeg 768w, https:\/\/www.leeb-balkone.com\/app\/uploads\/2025\/10\/Erfolg-1536x512.jpeg 1536w, https:\/\/www.leeb-balkone.com\/app\/uploads\/2025\/10\/Erfolg-2048x683.jpeg 2048w\" sizes=\"auto, (max-width: 2560px) 100vw, 2560px\" \/><span aria-hidden=\"true\" class=\"wp-block-cover__background has-background-dim wp-block-cover__gradient-background has-background-gradient\" style=\"background:linear-gradient(180deg,rgba(0,0,0,0) 0%,rgb(0,0,0) 53%)\"><\/span><div class=\"wp-block-cover__inner-container has-global-padding is-layout-constrained wp-block-cover-is-layout-constrained\">\n<div class=\"wp-block-group is-vertical is-layout-flex wp-container-core-group-is-layout-ad69fd43 wp-block-group-is-layout-flex\">\n<h3 class=\"wp-block-heading has-text-align-left has-step-2-font-size\">KARRIERE- CHANCEN<\/h3>\n\n\n\n<p class=\"has-step-s-font-size\">Top Ausbildung w\u00e4hrend der Lehre und viele Perspektiven danach <\/p>\n<\/div>\n<\/div><\/div>\n<\/div>\n\n\n\n<div class=\"wp-block-group m-card benefits has-global-padding is-layout-constrained wp-block-group-is-layout-constrained\">\n<div class=\"wp-block-cover has-custom-content-position is-position-bottom-center\" style=\"padding-bottom:var(--wp--preset--spacing--m)\"><img loading=\"lazy\" decoding=\"async\" width=\"940\" height=\"600\" class=\"wp-block-cover__image-background wp-image-151899 size-full\" alt=\"Grafik_LEEBcard_940x600_2\" src=\"https:\/\/www.leeb-balkone.com\/app\/uploads\/2025\/07\/Grafik_LEEBcard_940x600_2.jpg\" data-object-fit=\"cover\" srcset=\"https:\/\/www.leeb-balkone.com\/app\/uploads\/2025\/07\/Grafik_LEEBcard_940x600_2.jpg 940w, https:\/\/www.leeb-balkone.com\/app\/uploads\/2025\/07\/Grafik_LEEBcard_940x600_2-300x191.jpg 300w, https:\/\/www.leeb-balkone.com\/app\/uploads\/2025\/07\/Grafik_LEEBcard_940x600_2-768x490.jpg 768w\" sizes=\"auto, (max-width: 940px) 100vw, 940px\" \/><span aria-hidden=\"true\" class=\"wp-block-cover__background has-background-dim wp-block-cover__gradient-background has-background-gradient\" style=\"background:linear-gradient(180deg,rgba(0,0,0,0) 0%,rgb(0,0,0) 53%)\"><\/span><div class=\"wp-block-cover__inner-container has-global-padding is-layout-constrained wp-block-cover-is-layout-constrained\">\n<div class=\"wp-block-group is-vertical is-layout-flex wp-container-core-group-is-layout-ad69fd43 wp-block-group-is-layout-flex\">\n<h3 class=\"wp-block-heading has-text-align-left has-step-2-font-size\">LEEB<br>CARD<\/h3>\n\n\n\n<p class=\"has-step-s-font-size\">Regional g\u00fcnstiger einkaufen<\/p>\n<\/div>\n<\/div><\/div>\n<\/div>\n<\/div>\n<\/div>\n<\/section>\n\n\n\n<section class=\"wp-block-group alignfull has-white-background-color has-background has-global-padding is-layout-constrained wp-container-core-group-is-layout-e37a80b5 wp-block-group-is-layout-constrained\" style=\"margin-top:0;margin-bottom:0;padding-top:var(--wp--preset--spacing--2-xl);padding-bottom:var(--wp--preset--spacing--2-xl)\"><\/section>\n\n\n\n<section class=\"wp-block-group alignfull u-of-visible has-white-background-color has-background has-global-padding is-layout-constrained wp-container-core-group-is-layout-423bb2c8 wp-block-group-is-layout-constrained\" style=\"margin-top:0;margin-bottom:0;padding-top:0;padding-bottom:var(--wp--preset--spacing--2-xl)\">\n<div class=\"wp-block-group has-global-padding is-layout-constrained wp-container-core-group-is-layout-5cdcde31 wp-block-group-is-layout-constrained\" style=\"padding-bottom:var(--wp--preset--spacing--l)\">\n<div class=\"wp-block-columns is-layout-flex wp-container-core-columns-is-layout-0a4bbf16 wp-block-columns-is-layout-flex\" style=\"margin-top:0;margin-bottom:0\">\n<div class=\"wp-block-column is-vertically-aligned-bottom is-layout-flow wp-block-column-is-layout-flow\" style=\"flex-basis:66.66%\">\n<h2 class=\"wp-block-heading\">Mitarbeiterstimmen<\/h2>\n\n\n\n<p>Unsere Mitarbeiter erz\u00e4hlen: Pers\u00f6nliche Einblicke, spannende Erlebnisse und der Weg zu ihrem Erfolg \u2013 entdecke, was unser Team so besonders macht!<\/p>\n<\/div>\n\n\n\n<div class=\"wp-block-column is-vertically-aligned-bottom is-layout-flow wp-block-column-is-layout-flow\" style=\"flex-basis:33.33%\">\n<div class=\"wp-block-buttons u-m-jc-left is-content-justification-right is-layout-flex wp-container-core-buttons-is-layout-c060c6c7 wp-block-buttons-is-layout-flex\">\n<div class=\"wp-block-button is-style-outline-secondary\"><a class=\"wp-block-button__link wp-element-button\" href=\"https:\/\/www.leeb-balkone.com\/at\/karriere-bei-leeb\/leeb-inside\/\">Leeb inside<\/a><\/div>\n<\/div>\n<\/div>\n<\/div>\n<\/div>\n\n\n\n<div class=\"wp-block-group is-layout-flow wp-block-group-is-layout-flow\" style=\"margin-top:0\">\n<div class=\"wp-block-columns testimonial m-split m-split-reverse is-layout-flex wp-container-core-columns-is-layout-28232c24 wp-block-columns-is-layout-flex\">\n<div class=\"wp-block-column is-layout-flow wp-block-column-is-layout-flow\">\n<div class=\"wp-block-group is-layout-flow wp-block-group-is-layout-flow has-background\" style=\"min-height:100%;background-image:url(&#039;https:\/\/www.leeb-balkone.com\/app\/uploads\/2025\/03\/thomas-monay.jpg&#039;);background-position:54% 28.999999999999996%;background-size:cover;\"><\/div>\n<\/div>\n\n\n\n<div class=\"wp-block-column testimonial-text is-layout-flow wp-block-column-is-layout-flow\">\n<div class=\"wp-block-group has-light-gray-background-color has-background is-vertical is-layout-flex wp-container-core-group-is-layout-497906c9 wp-block-group-is-layout-flex\" style=\"padding-top:var(--wp--preset--spacing--xl);padding-right:var(--wp--preset--spacing--xl);padding-bottom:var(--wp--preset--spacing--xl);padding-left:var(--wp--preset--spacing--l)\">\n<h3 class=\"wp-block-heading\">Studium und Arbeit vereinen<\/h3>\n\n\n\n<p class=\"has-step-1-font-size\">&#8220;<em>Leeb ist hier sehr flexibel. Ich kann mir meine Stunden gut einteilen.<\/em>&#8220;<\/p>\n\n\n\n<p class=\"has-step-s-font-size\"><strong>Thomas Monay<\/strong><br>IT-Abteilung<\/p>\n\n\n\n<div class=\"wp-block-buttons is-layout-flex wp-block-buttons-is-layout-flex\" style=\"margin-top:0;margin-bottom:0\">\n<div class=\"wp-block-button\"><a class=\"wp-block-button__link wp-element-button\" href=\"https:\/\/vimeo.com\/1065780977\" target=\"_blank\" rel=\"noreferrer noopener\">Hier geht&#8217;s zum Video<\/a><\/div>\n<\/div>\n<\/div>\n<\/div>\n<\/div>\n\n\n\n<div class=\"wp-block-columns testimonial m-split is-layout-flex wp-container-core-columns-is-layout-28232c24 wp-block-columns-is-layout-flex\">\n<div class=\"wp-block-column is-layout-flow wp-block-column-is-layout-flow\">\n<div class=\"wp-block-group is-layout-flow wp-block-group-is-layout-flow has-background\" style=\"min-height:100%;background-image:url(&#039;https:\/\/www.leeb-balkone.com\/app\/uploads\/2025\/03\/stefan-schusser.jpg&#039;);background-position:54% 28.999999999999996%;background-size:cover;\"><\/div>\n<\/div>\n\n\n\n<div class=\"wp-block-column testimonial-text is-layout-flow wp-block-column-is-layout-flow\">\n<div class=\"wp-block-group has-light-gray-background-color has-background is-vertical is-layout-flex wp-container-core-group-is-layout-497906c9 wp-block-group-is-layout-flex\" style=\"padding-top:var(--wp--preset--spacing--xl);padding-right:var(--wp--preset--spacing--xl);padding-bottom:var(--wp--preset--spacing--xl);padding-left:var(--wp--preset--spacing--l)\">\n<h3 class=\"wp-block-heading\">Interne Weiterentwicklung bei Leeb<\/h3>\n\n\n\n<p class=\"has-step-1-font-size\">&#8220;Ich bin sehr dankbar f\u00fcr die M\u00f6glichkeit mich st\u00e4ndig intern weiter entwickeln zu k\u00f6nnen&#8221;<\/p>\n\n\n\n<p class=\"has-step-s-font-size\"><strong>Stefan Schusser<\/strong><br>Vertrieb Objektbau<\/p>\n\n\n\n<div class=\"wp-block-buttons is-layout-flex wp-block-buttons-is-layout-flex\" style=\"margin-top:0;margin-bottom:0\">\n<div class=\"wp-block-button\"><a class=\"wp-block-button__link wp-element-button\" href=\"https:\/\/vimeo.com\/1065778942\" target=\"_blank\" rel=\"noreferrer noopener\">Hier geht&#8217;s zum Video<\/a><\/div>\n<\/div>\n<\/div>\n<\/div>\n<\/div>\n\n\n\n<div class=\"wp-block-columns testimonial m-split is-layout-flex wp-container-core-columns-is-layout-28232c24 wp-block-columns-is-layout-flex\">\n<div class=\"wp-block-column is-layout-flow wp-block-column-is-layout-flow\">\n<div class=\"wp-block-group is-layout-flow wp-block-group-is-layout-flow has-background\" style=\"min-height:100%;background-image:url(&#039;https:\/\/www.leeb-balkone.com\/app\/uploads\/2025\/03\/manuel-ster.jpg&#039;);background-position:54% 28.999999999999996%;background-size:cover;\"><\/div>\n<\/div>\n\n\n\n<div class=\"wp-block-column testimonial-text is-layout-flow wp-block-column-is-layout-flow\">\n<div class=\"wp-block-group has-light-gray-background-color has-background is-vertical is-layout-flex wp-container-core-group-is-layout-497906c9 wp-block-group-is-layout-flex\" style=\"padding-top:var(--wp--preset--spacing--xl);padding-right:var(--wp--preset--spacing--xl);padding-bottom:var(--wp--preset--spacing--xl);padding-left:var(--wp--preset--spacing--l)\">\n<h3 class=\"wp-block-heading\">Aufstiegschancen und Karrierem\u00f6glichkeiten bei Leeb<\/h3>\n\n\n\n<p class=\"has-step-1-font-size\">&#8220;<em>Vom Lehrling zum Teamsprecher, Ausbilder und kreativen Gestalter \u2013 Manuel zeigt, was mit Engagement alles m\u00f6glich ist.<\/em>&#8220;<\/p>\n\n\n\n<p class=\"has-step-s-font-size\"><strong>Manuel Ster<\/strong><br>Lehrlingsausbilder und Teil der Fertigungsgestaltung<\/p>\n\n\n\n<div class=\"wp-block-buttons is-layout-flex wp-block-buttons-is-layout-flex\" style=\"margin-top:0;margin-bottom:0\">\n<div class=\"wp-block-button\"><a class=\"wp-block-button__link wp-element-button\" href=\"https:\/\/vimeo.com\/1065780012\" target=\"_blank\" rel=\"noreferrer noopener\">Hier geht&#8217;s zum Video<\/a><\/div>\n<\/div>\n<\/div>\n<\/div>\n<\/div>\n\n\n<\/div>\n<\/section>\n\n\n\n<section class=\"wp-block-cover alignfull is-light\" style=\"margin-top:0;margin-bottom:0;padding-top:0;padding-right:0;padding-bottom:0;padding-left:0;min-height:100px;aspect-ratio:unset;\"><img loading=\"lazy\" decoding=\"async\" width=\"2560\" height=\"1865\" class=\"wp-block-cover__image-background wp-image-44801\" alt=\"lehre bei leeb balkone\" src=\"https:\/\/www.leeb-balkone.com\/app\/uploads\/2021\/06\/lehre-bei-leeb-balkone-scaled.jpg\" style=\"object-position:54% 12%\" data-object-fit=\"cover\" data-object-position=\"54% 12%\" srcset=\"https:\/\/www.leeb-balkone.com\/app\/uploads\/2021\/06\/lehre-bei-leeb-balkone-scaled.jpg 2560w, https:\/\/www.leeb-balkone.com\/app\/uploads\/2021\/06\/lehre-bei-leeb-balkone-300x219.jpg 300w, https:\/\/www.leeb-balkone.com\/app\/uploads\/2021\/06\/lehre-bei-leeb-balkone-1024x746.jpg 1024w, https:\/\/www.leeb-balkone.com\/app\/uploads\/2021\/06\/lehre-bei-leeb-balkone-768x560.jpg 768w, https:\/\/www.leeb-balkone.com\/app\/uploads\/2021\/06\/lehre-bei-leeb-balkone-1536x1119.jpg 1536w, https:\/\/www.leeb-balkone.com\/app\/uploads\/2021\/06\/lehre-bei-leeb-balkone-2048x1492.jpg 2048w\" sizes=\"auto, (max-width: 2560px) 100vw, 2560px\" \/><span aria-hidden=\"true\" class=\"wp-block-cover__background has-primary-background-color has-background-dim-70 has-background-dim\"><\/span><div class=\"wp-block-cover__inner-container has-global-padding is-layout-constrained wp-container-core-cover-is-layout-fc5783d2 wp-block-cover-is-layout-constrained\">\n<div class=\"wp-block-group is-layout-flow wp-block-group-is-layout-flow\" style=\"min-height:0px;margin-top:0;margin-bottom:0;padding-top:var(--wp--preset--spacing--2-xl);padding-bottom:var(--wp--preset--spacing--2-xl);padding-left:0\">\n<div class=\"wp-block-columns are-vertically-aligned-center is-layout-flex wp-container-core-columns-is-layout-0a4bbf16 wp-block-columns-is-layout-flex\" style=\"margin-top:0;margin-bottom:0\">\n<div class=\"wp-block-column is-vertically-aligned-center is-layout-flow wp-block-column-is-layout-flow\" style=\"flex-basis:66.66%\">\n<h2 class=\"wp-block-heading has-white-color has-text-color has-link-color wp-elements-6838885dc5936b20d95b36facb5cc1d5\">Starte deine Zukunft<\/h2>\n\n\n\n<p class=\"has-white-color has-text-color has-link-color wp-elements-f05c30acef53a1d494a22ea17537f60b\">Werde Teil unseres Teams und gestalte Deine Karriere.\u2028Nutze jetzt Deine Chance und bewirb dich!<\/p>\n<\/div>\n\n\n\n<div class=\"wp-block-column is-vertically-aligned-center is-layout-flow wp-block-column-is-layout-flow\" style=\"flex-basis:33.33%\">\n<div class=\"wp-block-buttons u-m-jc-left is-content-justification-right is-layout-flex wp-container-core-buttons-is-layout-c060c6c7 wp-block-buttons-is-layout-flex\">\n<div class=\"wp-block-button is-style-filled-white large\"><a class=\"wp-block-button__link wp-element-button\" href=\"#bewerbung\">Jetzt bewerben<\/a><\/div>\n<\/div>\n<\/div>\n<\/div>\n<\/div>\n<\/div><\/section>\n\n\n\n<section class=\"wp-block-group alignfull u-of-visible has-white-background-color has-background has-global-padding is-layout-constrained wp-container-core-group-is-layout-e37a80b5 wp-block-group-is-layout-constrained\" style=\"margin-top:0;margin-bottom:0;padding-top:var(--wp--preset--spacing--2-xl);padding-bottom:var(--wp--preset--spacing--2-xl)\">\n<div class=\"wp-block-group has-global-padding is-layout-constrained wp-container-core-group-is-layout-4d3606bf wp-block-group-is-layout-constrained\" style=\"padding-bottom:var(--wp--preset--spacing--2-xl)\">\n<div class=\"wp-block-columns is-layout-flex wp-container-core-columns-is-layout-0a4bbf16 wp-block-columns-is-layout-flex\" style=\"margin-top:0;margin-bottom:0\">\n<div class=\"wp-block-column is-vertically-aligned-bottom is-layout-flow wp-block-column-is-layout-flow\" style=\"flex-basis:66.66%\">\n<h2 class=\"wp-block-heading\">Dein zuk\u00fcnftiges Team<\/h2>\n\n\n\n<p>Erhalte einen ersten Eindruck von unserem Team \u2013 drei Kolleg:innen geben dir einen Einblick in ihre Rollen. So wei\u00dft du schon, mit wem du in Zukunft zusammenarbeiten k\u00f6nntest.<\/p>\n<\/div>\n\n\n\n<div class=\"wp-block-column is-vertically-aligned-bottom is-layout-flow wp-block-column-is-layout-flow\" style=\"flex-basis:33.33%\"><\/div>\n<\/div>\n<\/div>\n\n\n\n<div class=\"wp-block-group has-global-padding is-layout-constrained wp-container-core-group-is-layout-9e9bff0e wp-block-group-is-layout-constrained\" style=\"margin-top:0\">\n<div class=\"wp-block-group is-layout-grid wp-container-core-group-is-layout-b1ece131 wp-block-group-is-layout-grid\">\n<div class=\"wp-block-group is-vertical is-content-justification-center is-layout-flex wp-container-core-group-is-layout-72bb9c14 wp-block-group-is-layout-flex\">\n<figure class=\"wp-block-image size-full has-custom-border\"><img loading=\"lazy\" decoding=\"async\" width=\"1706\" height=\"2560\" src=\"https:\/\/www.leeb-balkone.com\/app\/uploads\/2025\/04\/Portrait-Julia-Krenn-1-2-scaled.jpg\" alt=\"Portrait Julia Krenn 1\" class=\"wp-image-147102\" style=\"border-radius:100%;aspect-ratio:1;object-fit:cover\" srcset=\"https:\/\/www.leeb-balkone.com\/app\/uploads\/2025\/04\/Portrait-Julia-Krenn-1-2-scaled.jpg 1706w, https:\/\/www.leeb-balkone.com\/app\/uploads\/2025\/04\/Portrait-Julia-Krenn-1-2-200x300.jpg 200w, https:\/\/www.leeb-balkone.com\/app\/uploads\/2025\/04\/Portrait-Julia-Krenn-1-2-682x1024.jpg 682w, https:\/\/www.leeb-balkone.com\/app\/uploads\/2025\/04\/Portrait-Julia-Krenn-1-2-768x1152.jpg 768w, https:\/\/www.leeb-balkone.com\/app\/uploads\/2025\/04\/Portrait-Julia-Krenn-1-2-1024x1536.jpg 1024w, https:\/\/www.leeb-balkone.com\/app\/uploads\/2025\/04\/Portrait-Julia-Krenn-1-2-1365x2048.jpg 1365w\" sizes=\"auto, (max-width: 1706px) 100vw, 1706px\" \/><\/figure>\n\n\n\n<div class=\"wp-block-group is-vertical is-content-justification-center is-layout-flex wp-container-core-group-is-layout-24ea93b6 wp-block-group-is-layout-flex\" style=\"margin-top:0;margin-bottom:0\">\n<p class=\"has-text-align-center\"><strong>Julia Krenn<\/strong><\/p>\n\n\n\n<p class=\"has-step-xs-font-size\">HR Management<\/p>\n<\/div>\n<\/div>\n\n\n\n<div class=\"wp-block-group is-vertical is-content-justification-center is-layout-flex wp-container-core-group-is-layout-72bb9c14 wp-block-group-is-layout-flex\">\n<figure class=\"wp-block-image size-large has-custom-border\"><img loading=\"lazy\" decoding=\"async\" width=\"683\" height=\"1024\" src=\"https:\/\/www.leeb-balkone.com\/app\/uploads\/2025\/10\/Portrait-Manuel-Ster-683x1024.jpg\" alt=\"Portrait Manuel Ster\" class=\"wp-image-158460\" style=\"border-radius:100%;aspect-ratio:1;object-fit:cover\" srcset=\"https:\/\/www.leeb-balkone.com\/app\/uploads\/2025\/10\/Portrait-Manuel-Ster-683x1024.jpg 683w, https:\/\/www.leeb-balkone.com\/app\/uploads\/2025\/10\/Portrait-Manuel-Ster-200x300.jpg 200w, https:\/\/www.leeb-balkone.com\/app\/uploads\/2025\/10\/Portrait-Manuel-Ster-768x1152.jpg 768w, https:\/\/www.leeb-balkone.com\/app\/uploads\/2025\/10\/Portrait-Manuel-Ster-1024x1536.jpg 1024w, https:\/\/www.leeb-balkone.com\/app\/uploads\/2025\/10\/Portrait-Manuel-Ster-1366x2048.jpg 1366w, https:\/\/www.leeb-balkone.com\/app\/uploads\/2025\/10\/Portrait-Manuel-Ster-scaled.jpg 1707w\" sizes=\"auto, (max-width: 683px) 100vw, 683px\" \/><\/figure>\n\n\n\n<div class=\"wp-block-group is-vertical is-content-justification-center is-layout-flex wp-container-core-group-is-layout-24ea93b6 wp-block-group-is-layout-flex\" style=\"margin-top:0;margin-bottom:0\">\n<p class=\"has-text-align-center\"><strong>Manuel Ster<\/strong><\/p>\n\n\n\n<p class=\"has-step-xs-font-size\">Lehrlingsausbilder<\/p>\n<\/div>\n<\/div>\n\n\n\n<div class=\"wp-block-group is-vertical is-content-justification-center is-layout-flex wp-container-core-group-is-layout-72bb9c14 wp-block-group-is-layout-flex\">\n<figure class=\"wp-block-image size-full has-custom-border\"><img loading=\"lazy\" decoding=\"async\" width=\"1707\" height=\"2560\" src=\"https:\/\/www.leeb-balkone.com\/app\/uploads\/2025\/05\/Portrait-Guenther-Aigner-scaled.jpg\" alt=\"Portrait Guenther Aigner\" class=\"wp-image-146972\" style=\"border-radius:100%;aspect-ratio:1;object-fit:cover\" srcset=\"https:\/\/www.leeb-balkone.com\/app\/uploads\/2025\/05\/Portrait-Guenther-Aigner-scaled.jpg 1707w, https:\/\/www.leeb-balkone.com\/app\/uploads\/2025\/05\/Portrait-Guenther-Aigner-200x300.jpg 200w, https:\/\/www.leeb-balkone.com\/app\/uploads\/2025\/05\/Portrait-Guenther-Aigner-683x1024.jpg 683w, https:\/\/www.leeb-balkone.com\/app\/uploads\/2025\/05\/Portrait-Guenther-Aigner-768x1152.jpg 768w, https:\/\/www.leeb-balkone.com\/app\/uploads\/2025\/05\/Portrait-Guenther-Aigner-1024x1536.jpg 1024w, https:\/\/www.leeb-balkone.com\/app\/uploads\/2025\/05\/Portrait-Guenther-Aigner-1366x2048.jpg 1366w\" sizes=\"auto, (max-width: 1707px) 100vw, 1707px\" \/><\/figure>\n\n\n\n<div class=\"wp-block-group is-vertical is-content-justification-center is-layout-flex wp-container-core-group-is-layout-24ea93b6 wp-block-group-is-layout-flex\" style=\"margin-top:0;margin-bottom:0\">\n<p class=\"has-text-align-center\"><strong>G\u00fcnther Aigner<\/strong><\/p>\n\n\n\n<p class=\"has-step-xs-font-size\">Produktionsleitung<\/p>\n<\/div>\n<\/div>\n<\/div>\n<\/div>\n<\/section>\n<\/div>\n\n\n\n<section id=\"bewerbung\" class=\"wp-block-cgb-t3-section-block alignfull b-pt-none\" style=\"display:inherit;background-color:#F5F5F5;min-height:inherit\">\n<div class=\"wp-block-cgb-t3-container-block b-has-offset-h\" style=\"background-color:none\"><div class=\"grid-container\"><div class=\"grid-x\"><div class=\"cell small-12 medium-6 large-0 medium-offset-1\">\n<h2 class=\"wp-block-heading\" id=\"kontaktieren-sie-uns\">Jetzt bewerben<\/h2>\n<\/div><\/div><\/div><\/div>\n\n\n\n<div class=\"wp-block-cgb-t3-container-block none b-has-pt\" style=\"background-color:none\"><div class=\"grid-container\">\n<div class=\"wp-block-columns is-layout-flex wp-container-core-columns-is-layout-28f84493 wp-block-columns-is-layout-flex\">\n<div class=\"wp-block-column is-layout-flow wp-block-column-is-layout-flow\"><\/div>\n\n\n\n<div class=\"wp-block-column is-layout-flow wp-block-column-is-layout-flow\"><\/div>\n<\/div>\n\n\n\n<div class=\"wp-block-group has-global-padding is-layout-constrained wp-container-core-group-is-layout-cf8232cb wp-block-group-is-layout-constrained\">\n<div class=\"wp-block-columns is-layout-flex wp-container-core-columns-is-layout-28f84493 wp-block-columns-is-layout-flex\">\n<div class=\"wp-block-column is-layout-flow wp-block-column-is-layout-flow\" style=\"flex-basis:66.66%\"><form action=\"https:\/\/www.leeb-balkone.com\/at\/wp-json\/ws-form\/v1\/submit\" class=\"wsf-form wsf-form-canvas\" id=\"ws-form-1\" data-id=\"6\" data-instance-id=\"1\" method=\"POST\"><\/form><\/div>\n\n\n\n<div class=\"wp-block-column is-layout-flow wp-block-column-is-layout-flow\" style=\"flex-basis:33.33%\">\n<p><\/p>\n<\/div>\n<\/div>\n<\/div>\n<\/div><\/div>\n<\/section>\n","protected":false},"excerpt":{"rendered":"","protected":false},"featured_media":158442,"menu_order":0,"template":"template-onepager.blade.php","format":"standard","meta":{"_acf_changed":false,"footnotes":"","_sage_theme_css":true,"_wp_block_core_css":true},"job_category":[],"class_list":["post-158468","jobs","type-jobs","status-publish","format-standard","has-post-thumbnail","hentry"],"acf":[],"yoast_head":"<!-- This site is optimized with the Yoast SEO plugin v27.2 - https:\/\/yoast.com\/product\/yoast-seo-wordpress\/ -->\n<title>Lehrstellen bei Leeb - Leeb Balkone \u00d6sterreich<\/title>\n<meta name=\"description\" content=\"(m\/w\/d) Jedes Jahr sind wir auf der Suche nach neuen Talenten und erm\u00f6glichen Lehrlingen eine bestm\u00f6gliche und zukunftssichere Ausbildung! Jetzt bewerben\" \/>\n<meta name=\"robots\" content=\"index, follow, max-snippet:-1, max-image-preview:large, max-video-preview:-1\" \/>\n<meta property=\"og:locale\" content=\"de_DE\" \/>\n<meta property=\"og:type\" content=\"article\" \/>\n<meta property=\"og:title\" content=\"Lehrstellen bei Leeb - Leeb Balkone\" \/>\n<meta property=\"og:description\" content=\"(m\/w\/d) Jedes Jahr sind wir auf der Suche nach neuen Talenten und erm\u00f6glichen Lehrlingen eine bestm\u00f6gliche und zukunftssichere Ausbildung! Jetzt bewerben\" \/>\n<meta property=\"og:url\" content=\"https:\/\/www.leeb-balkone.com\/at\/jobs\/lehrlinge-m-w-2\/\" \/>\n<meta property=\"og:site_name\" content=\"Leeb Balkone\" \/>\n<meta property=\"article:publisher\" content=\"https:\/\/www.facebook.com\/balkone\/\" \/>\n<meta property=\"article:modified_time\" content=\"2025-10-07T14:34:58+00:00\" \/>\n<meta property=\"og:image\" content=\"https:\/\/www.leeb-balkone.com\/app\/uploads\/2025\/10\/Lehrlingsbilder-2025-Website-4-scaled.jpg\" \/>\n\t<meta property=\"og:image:width\" content=\"1707\" \/>\n\t<meta property=\"og:image:height\" content=\"2560\" \/>\n\t<meta property=\"og:image:type\" content=\"image\/jpeg\" \/>\n<meta name=\"twitter:card\" content=\"summary_large_image\" \/>\n<script type=\"application\/ld+json\" class=\"yoast-schema-graph\">{\"@context\":\"https:\/\/schema.org\",\"@graph\":[{\"@type\":\"WebPage\",\"@id\":\"https:\/\/www.leeb-balkone.com\/at\/jobs\/lehrlinge-m-w-2\/\",\"url\":\"https:\/\/www.leeb-balkone.com\/at\/jobs\/lehrlinge-m-w-2\/\",\"name\":\"Lehrstellen bei Leeb - Leeb Balkone\",\"isPartOf\":{\"@id\":\"https:\/\/www.leeb-balkone.com\/at\/#website\"},\"primaryImageOfPage\":{\"@id\":\"https:\/\/www.leeb-balkone.com\/at\/jobs\/lehrlinge-m-w-2\/#primaryimage\"},\"image\":{\"@id\":\"https:\/\/www.leeb-balkone.com\/at\/jobs\/lehrlinge-m-w-2\/#primaryimage\"},\"thumbnailUrl\":\"https:\/\/www.leeb-balkone.com\/app\/uploads\/2025\/10\/Lehrlingsbilder-2025-Website-4-scaled.jpg\",\"datePublished\":\"2025-10-07T13:37:45+00:00\",\"dateModified\":\"2025-10-07T14:34:58+00:00\",\"description\":\"(m\/w\/d) Jedes Jahr sind wir auf der Suche nach neuen Talenten und erm\u00f6glichen Lehrlingen eine bestm\u00f6gliche und zukunftssichere Ausbildung! Jetzt bewerben\",\"breadcrumb\":{\"@id\":\"https:\/\/www.leeb-balkone.com\/at\/jobs\/lehrlinge-m-w-2\/#breadcrumb\"},\"inLanguage\":\"de-AT\",\"potentialAction\":[{\"@type\":\"ReadAction\",\"target\":[\"https:\/\/www.leeb-balkone.com\/at\/jobs\/lehrlinge-m-w-2\/\"]}]},{\"@type\":\"ImageObject\",\"inLanguage\":\"de-AT\",\"@id\":\"https:\/\/www.leeb-balkone.com\/at\/jobs\/lehrlinge-m-w-2\/#primaryimage\",\"url\":\"https:\/\/www.leeb-balkone.com\/app\/uploads\/2025\/10\/Lehrlingsbilder-2025-Website-4-scaled.jpg\",\"contentUrl\":\"https:\/\/www.leeb-balkone.com\/app\/uploads\/2025\/10\/Lehrlingsbilder-2025-Website-4-scaled.jpg\",\"width\":1707,\"height\":2560},{\"@type\":\"BreadcrumbList\",\"@id\":\"https:\/\/www.leeb-balkone.com\/at\/jobs\/lehrlinge-m-w-2\/#breadcrumb\",\"itemListElement\":[{\"@type\":\"ListItem\",\"position\":1,\"name\":\"Home\",\"item\":\"https:\/\/www.leeb-balkone.com\/at\/\"},{\"@type\":\"ListItem\",\"position\":2,\"name\":\"Lehrstellen bei Leeb\"}]},{\"@type\":\"WebSite\",\"@id\":\"https:\/\/www.leeb-balkone.com\/at\/#website\",\"url\":\"https:\/\/www.leeb-balkone.com\/at\/\",\"name\":\"Leeb Balkone\",\"description\":\"Balkone und Z\u00e4une\",\"publisher\":{\"@id\":\"https:\/\/www.leeb-balkone.com\/at\/#organization\"},\"potentialAction\":[{\"@type\":\"SearchAction\",\"target\":{\"@type\":\"EntryPoint\",\"urlTemplate\":\"https:\/\/www.leeb-balkone.com\/at\/?s={search_term_string}\"},\"query-input\":{\"@type\":\"PropertyValueSpecification\",\"valueRequired\":true,\"valueName\":\"search_term_string\"}}],\"inLanguage\":\"de-AT\"},{\"@type\":\"Organization\",\"@id\":\"https:\/\/www.leeb-balkone.com\/at\/#organization\",\"name\":\"Leeb Balkone Gmbh\",\"url\":\"https:\/\/www.leeb-balkone.com\/at\/\",\"logo\":{\"@type\":\"ImageObject\",\"inLanguage\":\"de-AT\",\"@id\":\"https:\/\/www.leeb-balkone.com\/at\/#\/schema\/logo\/image\/\",\"url\":\"https:\/\/www.leeb-balkone.com\/app\/uploads\/2020\/11\/leeb-logo.svg\",\"contentUrl\":\"https:\/\/www.leeb-balkone.com\/app\/uploads\/2020\/11\/leeb-logo.svg\",\"width\":741,\"height\":204,\"caption\":\"Leeb Balkone Gmbh\"},\"image\":{\"@id\":\"https:\/\/www.leeb-balkone.com\/at\/#\/schema\/logo\/image\/\"},\"sameAs\":[\"https:\/\/www.facebook.com\/balkone\/\",\"https:\/\/www.trustedshops.at\/bewertung\/info_X4587CCF5833E31AFE0B11F47D86999F2.html\",\"https:\/\/www.trustedshops.de\/bewertung\/info_X7BA536A7A0BDC86D36C4718E4DCAEEEF.html\",\"https:\/\/www.google.com\/maps\/place\/?q=place_id:ChIJ5-zH19-IcEcR9HonWRTllHI\"]}]}<\/script>\n<!-- \/ Yoast SEO plugin. -->","yoast_head_json":{"title":"Lehrstellen bei Leeb - Leeb Balkone \u00d6sterreich","description":"(m\/w\/d) Jedes Jahr sind wir auf der Suche nach neuen Talenten und erm\u00f6glichen Lehrlingen eine bestm\u00f6gliche und zukunftssichere Ausbildung! Jetzt bewerben","robots":{"index":"index","follow":"follow","max-snippet":"max-snippet:-1","max-image-preview":"max-image-preview:large","max-video-preview":"max-video-preview:-1"},"og_locale":"de_DE","og_type":"article","og_title":"Lehrstellen bei Leeb - Leeb Balkone","og_description":"(m\/w\/d) Jedes Jahr sind wir auf der Suche nach neuen Talenten und erm\u00f6glichen Lehrlingen eine bestm\u00f6gliche und zukunftssichere Ausbildung! Jetzt bewerben","og_url":"https:\/\/www.leeb-balkone.com\/at\/jobs\/lehrlinge-m-w-2\/","og_site_name":"Leeb Balkone","article_publisher":"https:\/\/www.facebook.com\/balkone\/","article_modified_time":"2025-10-07T14:34:58+00:00","og_image":[{"width":1707,"height":2560,"url":"https:\/\/www.leeb-balkone.com\/app\/uploads\/2025\/10\/Lehrlingsbilder-2025-Website-4-scaled.jpg","type":"image\/jpeg"}],"twitter_card":"summary_large_image","schema":{"@context":"https:\/\/schema.org","@graph":[{"@type":"WebPage","@id":"https:\/\/www.leeb-balkone.com\/at\/jobs\/lehrlinge-m-w-2\/","url":"https:\/\/www.leeb-balkone.com\/at\/jobs\/lehrlinge-m-w-2\/","name":"Lehrstellen bei Leeb - Leeb Balkone","isPartOf":{"@id":"https:\/\/www.leeb-balkone.com\/at\/#website"},"primaryImageOfPage":{"@id":"https:\/\/www.leeb-balkone.com\/at\/jobs\/lehrlinge-m-w-2\/#primaryimage"},"image":{"@id":"https:\/\/www.leeb-balkone.com\/at\/jobs\/lehrlinge-m-w-2\/#primaryimage"},"thumbnailUrl":"https:\/\/www.leeb-balkone.com\/app\/uploads\/2025\/10\/Lehrlingsbilder-2025-Website-4-scaled.jpg","datePublished":"2025-10-07T13:37:45+00:00","dateModified":"2025-10-07T14:34:58+00:00","description":"(m\/w\/d) Jedes Jahr sind wir auf der Suche nach neuen Talenten und erm\u00f6glichen Lehrlingen eine bestm\u00f6gliche und zukunftssichere Ausbildung! Jetzt bewerben","breadcrumb":{"@id":"https:\/\/www.leeb-balkone.com\/at\/jobs\/lehrlinge-m-w-2\/#breadcrumb"},"inLanguage":"de-AT","potentialAction":[{"@type":"ReadAction","target":["https:\/\/www.leeb-balkone.com\/at\/jobs\/lehrlinge-m-w-2\/"]}]},{"@type":"ImageObject","inLanguage":"de-AT","@id":"https:\/\/www.leeb-balkone.com\/at\/jobs\/lehrlinge-m-w-2\/#primaryimage","url":"https:\/\/www.leeb-balkone.com\/app\/uploads\/2025\/10\/Lehrlingsbilder-2025-Website-4-scaled.jpg","contentUrl":"https:\/\/www.leeb-balkone.com\/app\/uploads\/2025\/10\/Lehrlingsbilder-2025-Website-4-scaled.jpg","width":1707,"height":2560},{"@type":"BreadcrumbList","@id":"https:\/\/www.leeb-balkone.com\/at\/jobs\/lehrlinge-m-w-2\/#breadcrumb","itemListElement":[{"@type":"ListItem","position":1,"name":"Home","item":"https:\/\/www.leeb-balkone.com\/at\/"},{"@type":"ListItem","position":2,"name":"Lehrstellen bei Leeb"}]},{"@type":"WebSite","@id":"https:\/\/www.leeb-balkone.com\/at\/#website","url":"https:\/\/www.leeb-balkone.com\/at\/","name":"Leeb Balkone","description":"Balkone und Z\u00e4une","publisher":{"@id":"https:\/\/www.leeb-balkone.com\/at\/#organization"},"potentialAction":[{"@type":"SearchAction","target":{"@type":"EntryPoint","urlTemplate":"https:\/\/www.leeb-balkone.com\/at\/?s={search_term_string}"},"query-input":{"@type":"PropertyValueSpecification","valueRequired":true,"valueName":"search_term_string"}}],"inLanguage":"de-AT"},{"@type":"Organization","@id":"https:\/\/www.leeb-balkone.com\/at\/#organization","name":"Leeb Balkone Gmbh","url":"https:\/\/www.leeb-balkone.com\/at\/","logo":{"@type":"ImageObject","inLanguage":"de-AT","@id":"https:\/\/www.leeb-balkone.com\/at\/#\/schema\/logo\/image\/","url":"https:\/\/www.leeb-balkone.com\/app\/uploads\/2020\/11\/leeb-logo.svg","contentUrl":"https:\/\/www.leeb-balkone.com\/app\/uploads\/2020\/11\/leeb-logo.svg","width":741,"height":204,"caption":"Leeb Balkone Gmbh"},"image":{"@id":"https:\/\/www.leeb-balkone.com\/at\/#\/schema\/logo\/image\/"},"sameAs":["https:\/\/www.facebook.com\/balkone\/","https:\/\/www.trustedshops.at\/bewertung\/info_X4587CCF5833E31AFE0B11F47D86999F2.html","https:\/\/www.trustedshops.de\/bewertung\/info_X7BA536A7A0BDC86D36C4718E4DCAEEEF.html","https:\/\/www.google.com\/maps\/place\/?q=place_id:ChIJ5-zH19-IcEcR9HonWRTllHI"]}]}},"_links":{"self":[{"href":"https:\/\/www.leeb-balkone.com\/at\/wp-json\/wp\/v2\/jobs\/158468","targetHints":{"allow":["GET"]}}],"collection":[{"href":"https:\/\/www.leeb-balkone.com\/at\/wp-json\/wp\/v2\/jobs"}],"about":[{"href":"https:\/\/www.leeb-balkone.com\/at\/wp-json\/wp\/v2\/types\/jobs"}],"version-history":[{"count":2,"href":"https:\/\/www.leeb-balkone.com\/at\/wp-json\/wp\/v2\/jobs\/158468\/revisions"}],"predecessor-version":[{"id":158514,"href":"https:\/\/www.leeb-balkone.com\/at\/wp-json\/wp\/v2\/jobs\/158468\/revisions\/158514"}],"wp:featuredmedia":[{"embeddable":true,"href":"https:\/\/www.leeb-balkone.com\/at\/wp-json\/wp\/v2\/media\/158442"}],"wp:attachment":[{"href":"https:\/\/www.leeb-balkone.com\/at\/wp-json\/wp\/v2\/media?parent=158468"}],"wp:term":[{"taxonomy":"job_category","embeddable":true,"href":"https:\/\/www.leeb-balkone.com\/at\/wp-json\/wp\/v2\/job_category?post=158468"}],"curies":[{"name":"wp","href":"https:\/\/api.w.org\/{rel}","templated":true}]}}